{"id":1919,"date":"2023-10-24T03:05:49","date_gmt":"2023-10-24T03:05:49","guid":{"rendered":"https:\/\/www.365-rentals.com\/?page_id=1919"},"modified":"2023-10-24T20:53:18","modified_gmt":"2023-10-24T20:53:18","slug":"politica-de-privacidad","status":"publish","type":"page","link":"https:\/\/www.365-rentals.com\/es\/politica-de-privacidad\/","title":{"rendered":"Pol\u00edtica de privacidad"},"content":{"rendered":"\t\t<div data-elementor-type=\"wp-page\" data-elementor-id=\"1919\" class=\"elementor elementor-1919\" data-elementor-post-type=\"page\">\n\t\t\t\t\t\t\t<section class=\"elementor-element elementor-element-914a80a e-flex e-con-boxed e-con e-parent\" data-id=\"914a80a\" data-element_type=\"container\" data-settings=\"{&quot;background_background&quot;:&quot;classic&quot;,&quot;container_type&quot;:&quot;flex&quot;,&quot;content_width&quot;:&quot;boxed&quot;}\" data-core-v316-plus=\"true\">\n\t\t\t\t\t<div class=\"e-con-inner\">\n\t\t\t\t<div class=\"elementor-element elementor-element-8e7771c elementor-widget elementor-widget-heading\" data-id=\"8e7771c\" data-element_type=\"widget\" data-widget_type=\"heading.default\">\n\t\t\t\t<div class=\"elementor-widget-container\">\n\t\t\t<style>\/*! elementor - v3.18.0 - 08-12-2023 *\/\n.elementor-heading-title{padding:0;margin:0;line-height:1}.elementor-widget-heading .elementor-heading-title[class*=elementor-size-]>a{color:inherit;font-size:inherit;line-height:inherit}.elementor-widget-heading .elementor-heading-title.elementor-size-small{font-size:15px}.elementor-widget-heading .elementor-heading-title.elementor-size-medium{font-size:19px}.elementor-widget-heading .elementor-heading-title.elementor-size-large{font-size:29px}.elementor-widget-heading .elementor-heading-title.elementor-size-xl{font-size:39px}.elementor-widget-heading .elementor-heading-title.elementor-size-xxl{font-size:59px}<\/style><h1 class=\"elementor-heading-title elementor-size-default\">Pol\u00edtica de privacidad<\/h1>\t\t<\/div>\n\t\t\t\t<\/div>\n\t\t\t\t\t<\/div>\n\t\t\t\t<\/section>\n\t\t<div class=\"elementor-element elementor-element-12c258f e-flex e-con-boxed e-con e-parent\" data-id=\"12c258f\" data-element_type=\"container\" data-settings=\"{&quot;container_type&quot;:&quot;flex&quot;,&quot;content_width&quot;:&quot;boxed&quot;}\" data-core-v316-plus=\"true\">\n\t\t\t\t\t<div class=\"e-con-inner\">\n\t\t<div class=\"elementor-element elementor-element-1d7761d e-flex e-con-boxed e-con e-child\" data-id=\"1d7761d\" data-element_type=\"container\" data-settings=\"{&quot;background_background&quot;:&quot;classic&quot;,&quot;container_type&quot;:&quot;flex&quot;,&quot;content_width&quot;:&quot;boxed&quot;}\">\n\t\t\t\t\t<div class=\"e-con-inner\">\n\t\t\t\t<div class=\"elementor-element elementor-element-f06d995 elementor-widget elementor-widget-text-editor\" data-id=\"f06d995\" data-element_type=\"widget\" data-widget_type=\"text-editor.default\">\n\t\t\t\t<div class=\"elementor-widget-container\">\n\t\t\t<style>\/*! elementor - v3.18.0 - 08-12-2023 *\/\n.elementor-widget-text-editor.elementor-drop-cap-view-stacked .elementor-drop-cap{background-color:#69727d;color:#fff}.elementor-widget-text-editor.elementor-drop-cap-view-framed .elementor-drop-cap{color:#69727d;border:3px solid;background-color:transparent}.elementor-widget-text-editor:not(.elementor-drop-cap-view-default) .elementor-drop-cap{margin-top:8px}.elementor-widget-text-editor:not(.elementor-drop-cap-view-default) .elementor-drop-cap-letter{width:1em;height:1em}.elementor-widget-text-editor .elementor-drop-cap{float:left;text-align:center;line-height:1;font-size:50px}.elementor-widget-text-editor .elementor-drop-cap-letter{display:inline-block}<\/style>\t\t\t\t<!-- wp:paragraph -->\n<p>Este texto legal te da detalles de c\u00f3mo recopilamos y procesamos tus datos personales a trav\u00e9s del uso de nuestro sitio web <a href=\"https:\/\/www.miweb.com\">https:\/\/www.365-rentals.com\/<\/a>, incluyendo cualquier informaci\u00f3n que puedas proporcionarnos a trav\u00e9s del sitio cuando realizas la contrataci\u00f3n de un servicio, te registras a nuestro bolet\u00edn informativo o proporcionas tus datos de contacto a trav\u00e9s del formulario habilitado para tal fin.<\/p>\n<!-- \/wp:paragraph -->\n\n<!-- wp:paragraph -->\n<p>Al proporcionarnos los datos, nos garantizas que tienes m\u00e1s de 18 a\u00f1os<strong>.<\/strong><\/p>\n<!-- \/wp:paragraph -->\n\n<!-- wp:paragraph -->\n<p><strong>1.- Responsable del tratamiento.<\/strong><\/p>\n<!-- \/wp:paragraph -->\n\n<!-- wp:paragraph -->\n<p>Datos de contacto del responsable:<strong>KOSTA95 GESTION INMOBILIARIA S.L<\/strong>, con N.I.F: B-72932528 con domicilio en C\/ HERREROS, N\u00ba1, PLANTA BS, PUERTA A, 29700, VELEZ-M\u00c1LAGA, M\u00c1LAGA&nbsp; y correo electr\u00f3nico info@365-rentals.com<\/p>\n<!-- \/wp:paragraph -->\n\n<!-- wp:paragraph -->\n<p><strong>2.- \u00bfQu\u00e9 datos recopilamos?<\/strong><\/p>\n<!-- \/wp:paragraph -->\n\n<!-- wp:paragraph -->\n<p>Seg\u00fan el Reglamento General de Protecci\u00f3n de Datos 679\/2016\/UE (RGPD), en su art\u00edculo 4, define <strong>dato personal<\/strong> como toda informaci\u00f3n sobre una persona f\u00edsica identificada o identificable (interesado), es decir toda la informaci\u00f3n capaz de identificar a una persona. Esto no incluye los datos an\u00f3nimos.<\/p>\n<!-- \/wp:paragraph -->\n\n<!-- wp:paragraph -->\n<p>Podemos procesar ciertos tipos de datos personales, que podr\u00e1n incluir:<\/p>\n<!-- \/wp:paragraph -->\n\n<!-- wp:list -->\n<ul><!-- wp:list-item -->\n<li>Datos de identidad: nombre, apellidos.<\/li>\n<!-- \/wp:list-item -->\n\n<!-- wp:list-item -->\n<li>Datos de contacto: email o direcci\u00f3n de facturaci\u00f3n.<\/li>\n<!-- \/wp:list-item -->\n\n<!-- wp:list-item -->\n<li>Datos financieros: datos bancarios y otros detalles de compras realizadas<\/li>\n<!-- \/wp:list-item -->\n\n<!-- wp:list-item -->\n<li>Datos t\u00e9cnicos: datos de inicio de sesi\u00f3n, direcciones de protocolo de Internet, tipo y versi\u00f3n de navegador, configuraci\u00f3n y ubicaci\u00f3n de la zona horaria, sistema operativo, tipos y versiones de plug-in de navegador, y cualquier otra tecnolog\u00eda en los dispositivos que usa para acceder a nuestra p\u00e1gina web.<\/li>\n<!-- \/wp:list-item -->\n\n<!-- wp:list-item -->\n<li>Datos de perfil: nombre de usuario y contrase\u00f1a, comentarios y respuestas a encuestas.<\/li>\n<!-- \/wp:list-item -->\n\n<!-- wp:list-item -->\n<li>Datos de uso: informaci\u00f3n sobre c\u00f3mo usar nuestra web y servicios.<\/li>\n<!-- \/wp:list-item -->\n\n<!-- wp:list-item -->\n<li>Datos de marketing y comunicaciones: preferencias para recibir comunicaciones de marketing por nuestra parte y medio preferente de comunicaci\u00f3n.<\/li>\n<!-- \/wp:list-item --><\/ul>\n<!-- \/wp:list -->\n\n<!-- wp:paragraph -->\n<p>En caso de que se te solicitemos recopilar datos personales, por ley o seg\u00fan los t\u00e9rminos de contrataci\u00f3n entre nosotros, y te niegues a facilit\u00e1rnoslos, es posible que no podamos realizar dicho contrato o prestar el servicio, debiendo comunic\u00e1rnoslo con antelaci\u00f3n.<\/p>\n<!-- \/wp:paragraph -->\n\n<!-- wp:paragraph -->\n<p><strong>3.- \u00bfC\u00f3mo recopilamos sus datos personales?<\/strong><\/p>\n<!-- \/wp:paragraph -->\n\n<!-- wp:paragraph -->\n<p>Los medios que usamos para recopilar datos personales son:<\/p>\n<!-- \/wp:paragraph -->\n\n<!-- wp:list -->\n<ul><!-- wp:list-item -->\n<li><strong>A trav\u00e9s del formulario de nuestra p\u00e1gina web:<\/strong><!-- wp:list -->\n<ul><!-- wp:list-item -->\n<li>Formulario de contacto<\/li>\n<!-- \/wp:list-item -->\n\n<!-- wp:list-item -->\n<li>Solicita informaci\u00f3n de nuestros productos<\/li>\n<!-- \/wp:list-item -->\n\n<!-- wp:list-item -->\n<li>Env\u00eda sus comentarios<\/li>\n<!-- \/wp:list-item --><\/ul>\n<!-- \/wp:list --><\/li>\n<!-- \/wp:list-item -->\n\n<!-- wp:list-item -->\n<li><strong>A trav\u00e9s de la tecnolog\u00eda o interacciones automatizadas<\/strong>: en nuestro sitio podemos recopilar autom\u00e1ticamente datos t\u00e9cnicos sobre tu equipo, acciones de navegaci\u00f3n y patrones de uso. Estos datos son recopilados a trav\u00e9s de cookies o tecnolog\u00edas similares. Si quieres ampliar la informaci\u00f3n, puedes consultar nuestra pol\u00edtica de cookies.<\/li>\n<!-- \/wp:list-item -->\n\n<!-- wp:list-item -->\n<li><strong>&nbsp;A trav\u00e9s de terceros:<\/strong><!-- wp:list -->\n<ul><!-- wp:list-item -->\n<li><strong>Google: <\/strong>datos anal\u00edticos o datos de b\u00fasqueda. Fuera de la Uni\u00f3n Europea.<\/li>\n<!-- \/wp:list-item -->\n\n<!-- wp:list-item -->\n<li><strong>Redes Sociales: (Facebook, Instagram, Twitter, Linkedin\u2026) <\/strong>fuera de la Uni\u00f3n Europea.<\/li>\n<!-- \/wp:list-item --><\/ul>\n<!-- \/wp:list --><\/li>\n<!-- \/wp:list-item --><\/ul>\n<!-- \/wp:list -->\n\n<!-- wp:paragraph -->\n<p><strong>4.- Finalidad y legitimidad para el uso de sus datos.<\/strong><\/p>\n<!-- \/wp:paragraph -->\n\n<!-- wp:paragraph -->\n<p>Los usos m\u00e1s comunes de tus datos personales son:<\/p>\n<!-- \/wp:paragraph -->\n\n<!-- wp:list -->\n<ul><!-- wp:list-item -->\n<li>Cuando prestes tu consentimiento en el tratamiento de tus datos<\/li>\n<!-- \/wp:list-item -->\n\n<!-- wp:list-item -->\n<li>Cuando los necesitemos para dar cumplimiento a una obligaci\u00f3n legal.<\/li>\n<!-- \/wp:list-item -->\n\n<!-- wp:list-item -->\n<li>Cuando sea necesario para nuestro inter\u00e9s leg\u00edtimo o de un tercero.<\/li>\n<!-- \/wp:list-item --><\/ul>\n<!-- \/wp:list -->\n\n<!-- wp:paragraph -->\n<p>Podr\u00e1s revocar el consentimiento prestado en cualquier momento enviando un correo a&nbsp; info@365-rentals.com o consultando el apartado de ejercicio de derechos m\u00e1s adelante.<\/p>\n<!-- \/wp:paragraph -->\n\n<!-- wp:paragraph -->\n<p>A continuaci\u00f3n adjuntamos una tabla en la que puedes consultar las formas en las que vamos a utilizar tus datos personales y la legitimidad para su uso, adem\u00e1s de saber qu\u00e9 tipo de datos personales vamos a tratar. Podemos procesar alg\u00fan dato personal por alg\u00fan motivo legal adicional, por lo que si necesitas detalles al respecto, puede enviar un correo electr\u00f3nico a&nbsp; info@365-rentals.com<\/p>\n<!-- \/wp:paragraph -->\n\n<!-- wp:table -->\n<figure class=\"wp-block-table\"><table><tbody><tr><td><strong>FINALIDAD<\/strong><\/td><td><strong>DATOS<\/strong><\/td><td><strong>LEGITIMIDAD<\/strong><\/td><\/tr><tr><td>Para solicitar informaci\u00f3n a trav\u00e9s del formulario de contacto<\/td><td>Nombre Apellidos Email<\/td><td>Consentimiento del interesado<\/td><\/tr><tr><td>Para realizar comunicaciones comerciales<\/td><td>Nombre Apellidos Email<\/td><td>Consentimiento del interesado<\/td><\/tr><tr><td>Para administrar y proteger nuestro negocio&nbsp; y nuestra p\u00e1gina web<\/td><td>Datos t\u00e9cnicos Nombre Apellidos Email<\/td><td>Inter\u00e9s leg\u00edtimo<\/td><\/tr><\/tbody><\/table><\/figure>\n<!-- \/wp:table -->\n\n<!-- wp:paragraph -->\n<p><strong>Comunicaciones comerciales<\/strong>: solo recibir\u00e1s comunicaciones si<\/p>\n<!-- \/wp:paragraph -->\n\n<!-- wp:list -->\n<ul><!-- wp:list-item -->\n<li>Nos solicitaste informaci\u00f3n.<\/li>\n<!-- \/wp:list-item -->\n\n<!-- wp:list-item -->\n<li>Si nos proporcionaste tus datos, acepta la casilla habilitada al respecto en nuestro formulario de contacto.<\/li>\n<!-- \/wp:list-item -->\n\n<!-- wp:list-item -->\n<li>Siempre y cuando no hayas manifestado tu voluntad de dejar de recibir dichas comunicaciones.<\/li>\n<!-- \/wp:list-item --><\/ul>\n<!-- \/wp:list -->\n\n<!-- wp:paragraph -->\n<p>Obtenemos tu consentimiento expreso antes de mandarte cualquier comunicaci\u00f3n, pudiendo solicitar en cualquier momento que dejemos de mandarte comunicaciones en el email&nbsp; info@365-rentals.com<\/p>\n<!-- \/wp:paragraph -->\n\n<!-- wp:paragraph -->\n<p>Cuando optes por dejar de recibir nuestras comunicaciones, tus datos personales seguir\u00e1n almacenados como resultado de la contrataci\u00f3n realizada por ti para ajustarnos a las exigencias legales.<\/p>\n<!-- \/wp:paragraph -->\n\n<!-- wp:paragraph -->\n<p><strong>Finalidad<\/strong>: s\u00f3lo utilizaremos tus datos para los fines para los que los recopilamos, a menos que consideremos razonablemente que debemos usarlo para otro motivo, notific\u00e1ndote previamente para que est\u00e9s informado del motivo legal de su procesamiento y siempre y cuando el fin sea compatible con el prop\u00f3sito original.<\/p>\n<!-- \/wp:paragraph -->\n\n<!-- wp:paragraph -->\n<p><strong>Plazo de conservaci\u00f3n<\/strong>: Se conservar\u00e1n durante el tiempo necesario para cumplir con la finalidad para la que se recabaron y para determinar las posibles responsabilidades que se pudieran derivar de dicha finalidad y del tratamiento de los datos. Ser\u00e1 de aplicaci\u00f3n lo dispuesto en la normativa de archivos y documentaci\u00f3n.<\/p>\n<!-- \/wp:paragraph -->\n\n<!-- wp:paragraph -->\n<p><strong>5.- Tus Derechos en Protecci\u00f3n de Datos<\/strong><\/p>\n<!-- \/wp:paragraph -->\n\n<!-- wp:paragraph -->\n<p><strong>\u00bfC\u00f3mo ejercer dichos derechos?<\/strong> Podr\u00e1s dirigir una comunicaci\u00f3n al domicilio social de&nbsp; KOSTA95 GESTION INMOBILIARIA S.L. o direcci\u00f3n de correo electr\u00f3nico info@365-rentals.com, incluyendo en ambos casos fotocopia de tu D.N.I u otro documento de identificaci\u00f3n similar, para solicitar el ejercicio de los siguientes derechos:<\/p>\n<!-- \/wp:paragraph -->\n\n<!-- wp:list -->\n<ul><!-- wp:list-item -->\n<li><strong>Acceso<\/strong> a tus datos personales: podr\u00e1s preguntar a&nbsp; KOSTA95 GESTION INMOBILIARIA S.L. &nbsp;si est\u00e1 usando tus datos personales.<\/li>\n<!-- \/wp:list-item -->\n\n<!-- wp:list-item -->\n<li>A solicitar su <strong>rectificaci\u00f3n<\/strong>, si no fuesen correctos, o a ejercer el <strong>derecho al olvido<\/strong> con respecto a los mismos.<\/li>\n<!-- \/wp:list-item -->\n\n<!-- wp:list-item -->\n<li>A solicitar la <strong>limitaci\u00f3n del tratamiento<\/strong>, en este caso, solo ser\u00e1n conservados por KOSTA95 GESTION INMOBILIARIA S.L. &nbsp;para el ejercicio o defensa de reclamaciones<\/li>\n<!-- \/wp:list-item -->\n\n<!-- wp:list-item -->\n<li>A <strong>oponerse<\/strong> a su tratamiento:&nbsp; KOSTA95 GESTION INMOBILIARIA S.L. &nbsp;dejar\u00e1 tratar los datos en la forma que nos indiques, salvo que por motivos leg\u00edtimos o para el ejercicio o defensa de posibles reclamaciones, estos deban seguir trat\u00e1ndose.<\/li>\n<!-- \/wp:list-item -->\n\n<!-- wp:list-item -->\n<li>A la <strong>portabilidad <\/strong>de los datos: en caso de que quieras que tus datos sean tratados por otra firma&nbsp; KOSTA95 GESTION INMOBILIARIA S.L. , le facilitar\u00e1 la portabilidad de tus datos al nuevo responsable.<\/li>\n<!-- \/wp:list-item --><\/ul>\n<!-- \/wp:list -->\n\n<!-- wp:paragraph -->\n<p>Reclamar ante la AEPD: si consideras que hay un problema con la forma en que&nbsp; KOSTA95 GESTION INMOBILIARIA S.L. est\u00e1 tratando tus datos, puedes dirigir tus reclamaciones al correo electr\u00f3nico&nbsp; info@365-rentals.com o a la autoridad de control correspondiente, siendo en Espa\u00f1a la competente para ello, <a href=\"https:\/\/sedeagpd.gob.es\/sede-electronica-web\/\">Agencia Espa\u00f1ola de Protecci\u00f3n de Datos<\/a>.<\/p>\n<!-- \/wp:paragraph -->\n\n<!-- wp:paragraph -->\n<p>Es posible que tengamos que solicitarle informaci\u00f3n espec\u00edfica para ayudarnos a confirmar tu identidad y garantizar tu derecho a acceder a tus datos personales (o ejercer cualquier otro de los derechos mencionados anteriormente). Esto es una medida de seguridad para garantizar que los datos personales no se revelen a ninguna persona que no tenga derecho a recibirlos.<\/p>\n<!-- \/wp:paragraph -->\n\n<!-- wp:paragraph -->\n<p>Todas las solicitudes las solventamos en el plazo legal indicado 1 mes. No obstante, puede llevarnos m\u00e1s de un mes si tu solicitud es particularmente compleja, o si ya has realizado una serie de actuaciones previamente. En este caso, te notificaremos y te mantendremos actualizado.<\/p>\n<!-- \/wp:paragraph -->\n\n<!-- wp:paragraph -->\n<p><strong>6.- Cesi\u00f3n de datos personales<\/strong><\/p>\n<!-- \/wp:paragraph -->\n\n<!-- wp:paragraph -->\n<p>Es posible que, en el desempe\u00f1o de nuestro trabajo, debamos ceder tus datos a terceros, que solo tratar\u00e1n los datos para prestar el servicio contratado, y con los que disponemos de las correspondientes medidas para garantizar sus derechos:<\/p>\n<!-- \/wp:paragraph -->\n\n<!-- wp:list -->\n<ul><!-- wp:list-item -->\n<li>Proveedores de servicios que brindan servicios de administraci\u00f3n de sistemas y tecnolog\u00eda de la informaci\u00f3n.<\/li>\n<!-- \/wp:list-item -->\n\n<!-- wp:list-item -->\n<li>Asesores profesionales que incluyen abogados, auditores y aseguradores que brindan servicios de consultor\u00eda bancarios, legales, de seguros y de contabilidad.<\/li>\n<!-- \/wp:list-item --><\/ul>\n<!-- \/wp:list -->\n\n<!-- wp:paragraph -->\n<p>Todas estas cesiones te ser\u00e1n previamente comunicadas y te manifestamos que requerimos a todos los encargados de tratamiento a quienes transferimos tus datos personales que respeten la seguridad de tus datos personales y los traten de acuerdo al RGPD. S\u00f3lo permitimos que dichos encargados traten tus datos para fines determinados y de conformidad con nuestras instrucciones. No obstante puede solicitarse, en cumplimiento de la transparencia un listado de quienes son estas empresas que nos prestan servicios, puede hacerlo al email:&nbsp; info@365-rentals.com<\/p>\n<!-- \/wp:paragraph -->\n\n<!-- wp:paragraph -->\n<p><strong>7.- Seguridad de Datos<\/strong><\/p>\n<!-- \/wp:paragraph -->\n\n<!-- wp:paragraph -->\n<p>Hemos implementado las medidas de seguridad adecuadas para evitar que tus datos personales se pierdan accidentalmente, se usen o accedan de forma no autorizada, se modifiquen o divulguen. Adem\u00e1s, limitamos el acceso a tus datos personales a aquellos empleados, agentes contratistas y otros terceros que tengan una necesidad comercial de conocer dichos datos. Solo procesar\u00e1n tus datos personales seg\u00fan nuestras instrucciones y estar\u00e1n sujetos al deber de confidencialidad.<\/p>\n<!-- \/wp:paragraph -->\n\n<!-- wp:paragraph -->\n<p>Hemos implementado procedimientos para tratar cualquier sospecha de violaci\u00f3n de tus datos personales y te lo notificaremos y a la Autoridad de Control en caso de que ocurriera, tal como queda regulado en el RGPD en sus art\u00edculos 33 y 34, una brecha de seguridad.<\/p>\n<!-- \/wp:paragraph -->\t\t\t\t\t\t<\/div>\n\t\t\t\t<\/div>\n\t\t\t\t\t<\/div>\n\t\t\t\t<\/div>\n\t\t\t\t\t<\/div>\n\t\t\t\t<\/div>\n\t\t\t\t\t\t\t<\/div>\n\t\t","protected":false},"excerpt":{"rendered":"<p>Este texto legal te da detalles de c\u00f3mo recopilamos y procesamos tus datos personales a trav\u00e9s del uso de nuestro sitio web https:\/\/www.365-rentals.com\/, incluyendo cualquier informaci\u00f3n que puedas proporcionarnos a trav\u00e9s del sitio cuando realizas la contrataci\u00f3n de un servicio, te registras a nuestro bolet\u00edn informativo o proporcionas tus datos de contacto a trav\u00e9s del [&hellip;]<\/p>\n","protected":false},"author":2,"featured_media":0,"parent":0,"menu_order":0,"comment_status":"closed","ping_status":"closed","template":"elementor_header_footer","meta":{"footnotes":""},"yoast_head":"<!-- This site is optimized with the Yoast SEO plugin v21.7 - https:\/\/yoast.com\/wordpress\/plugins\/seo\/ -->\n<title>Pol\u00edtica de privacidad &#8902; 365 Rentals Properties<\/title>\n<meta name=\"robots\" content=\"index, follow, max-snippet:-1, max-image-preview:large, max-video-preview:-1\" \/>\n<link rel=\"canonical\" href=\"https:\/\/www.365-rentals.com\/es\/politica-de-privacidad\/\" \/>\n<meta property=\"og:locale\" content=\"es_ES\" \/>\n<meta property=\"og:type\" content=\"article\" \/>\n<meta property=\"og:title\" content=\"Pol\u00edtica de privacidad &#8902; 365 Rentals Properties\" \/>\n<meta property=\"og:description\" content=\"Este texto legal te da detalles de c\u00f3mo recopilamos y procesamos tus datos personales a trav\u00e9s del uso de nuestro sitio web https:\/\/www.365-rentals.com\/, incluyendo cualquier informaci\u00f3n que puedas proporcionarnos a trav\u00e9s del sitio cuando realizas la contrataci\u00f3n de un servicio, te registras a nuestro bolet\u00edn informativo o proporcionas tus datos de contacto a trav\u00e9s del [&hellip;]\" \/>\n<meta property=\"og:url\" content=\"https:\/\/www.365-rentals.com\/es\/politica-de-privacidad\/\" \/>\n<meta property=\"og:site_name\" content=\"365 Rentals Properties\" \/>\n<meta property=\"article:publisher\" content=\"https:\/\/www.facebook.com\/365rentals.properties\" \/>\n<meta property=\"article:modified_time\" content=\"2023-10-24T20:53:18+00:00\" \/>\n<meta property=\"og:image\" content=\"https:\/\/www.365-rentals.com\/wp-content\/uploads\/logo-365-rentals-1.png\" \/>\n\t<meta property=\"og:image:width\" content=\"1520\" \/>\n\t<meta property=\"og:image:height\" content=\"320\" \/>\n\t<meta property=\"og:image:type\" content=\"image\/png\" \/>\n<meta name=\"twitter:card\" content=\"summary_large_image\" \/>\n<meta name=\"twitter:label1\" content=\"Tiempo de lectura\" \/>\n\t<meta name=\"twitter:data1\" content=\"8 minutos\" \/>\n<script type=\"application\/ld+json\" class=\"yoast-schema-graph\">{\"@context\":\"https:\/\/schema.org\",\"@graph\":[{\"@type\":\"WebPage\",\"@id\":\"https:\/\/www.365-rentals.com\/politica-de-privacidad\/\",\"url\":\"https:\/\/www.365-rentals.com\/politica-de-privacidad\/\",\"name\":\"Pol\u00edtica de privacidad &#8902; 365 Rentals Properties\",\"isPartOf\":{\"@id\":\"https:\/\/www.365-rentals.com\/#website\"},\"datePublished\":\"2023-10-24T03:05:49+00:00\",\"dateModified\":\"2023-10-24T20:53:18+00:00\",\"breadcrumb\":{\"@id\":\"https:\/\/www.365-rentals.com\/politica-de-privacidad\/#breadcrumb\"},\"inLanguage\":\"es\",\"potentialAction\":[{\"@type\":\"ReadAction\",\"target\":[\"https:\/\/www.365-rentals.com\/politica-de-privacidad\/\"]}]},{\"@type\":\"BreadcrumbList\",\"@id\":\"https:\/\/www.365-rentals.com\/politica-de-privacidad\/#breadcrumb\",\"itemListElement\":[{\"@type\":\"ListItem\",\"position\":1,\"name\":\"Portada\",\"item\":\"https:\/\/www.365-rentals.com\/es\/\"},{\"@type\":\"ListItem\",\"position\":2,\"name\":\"Pol\u00edtica de privacidad\"}]},{\"@type\":\"WebSite\",\"@id\":\"https:\/\/www.365-rentals.com\/#website\",\"url\":\"https:\/\/www.365-rentals.com\/\",\"name\":\"365 Rentals Properties\",\"description\":\"Experiencias \u00fanicas en el mejor clima de Europa\",\"publisher\":{\"@id\":\"https:\/\/www.365-rentals.com\/#organization\"},\"alternateName\":\"365 Rentals Properties\",\"potentialAction\":[{\"@type\":\"SearchAction\",\"target\":{\"@type\":\"EntryPoint\",\"urlTemplate\":\"https:\/\/www.365-rentals.com\/?s={search_term_string}\"},\"query-input\":\"required name=search_term_string\"}],\"inLanguage\":\"es\"},{\"@type\":\"Organization\",\"@id\":\"https:\/\/www.365-rentals.com\/#organization\",\"name\":\"365 rentals\",\"url\":\"https:\/\/www.365-rentals.com\/\",\"logo\":{\"@type\":\"ImageObject\",\"inLanguage\":\"es\",\"@id\":\"https:\/\/www.365-rentals.com\/#\/schema\/logo\/image\/\",\"url\":\"https:\/\/www.365-rentals.com\/wp-content\/uploads\/logo-365-rentals.png\",\"contentUrl\":\"https:\/\/www.365-rentals.com\/wp-content\/uploads\/logo-365-rentals.png\",\"width\":380,\"height\":80,\"caption\":\"365 rentals\"},\"image\":{\"@id\":\"https:\/\/www.365-rentals.com\/#\/schema\/logo\/image\/\"},\"sameAs\":[\"https:\/\/www.facebook.com\/365rentals.properties\",\"https:\/\/www.instagram.com\/365rentals.spain\/?igshid=MzRlODBiNWFlZA\",\"https:\/\/www.youtube.com\/channel\/UCp4LWCAVPiKhmnTITv4xXDg\"]}]}<\/script>\n<!-- \/ Yoast SEO plugin. -->","yoast_head_json":{"title":"Pol\u00edtica de privacidad &#8902; 365 Rentals Properties","robots":{"index":"index","follow":"follow","max-snippet":"max-snippet:-1","max-image-preview":"max-image-preview:large","max-video-preview":"max-video-preview:-1"},"canonical":"https:\/\/www.365-rentals.com\/es\/politica-de-privacidad\/","og_locale":"es_ES","og_type":"article","og_title":"Pol\u00edtica de privacidad &#8902; 365 Rentals Properties","og_description":"Este texto legal te da detalles de c\u00f3mo recopilamos y procesamos tus datos personales a trav\u00e9s del uso de nuestro sitio web https:\/\/www.365-rentals.com\/, incluyendo cualquier informaci\u00f3n que puedas proporcionarnos a trav\u00e9s del sitio cuando realizas la contrataci\u00f3n de un servicio, te registras a nuestro bolet\u00edn informativo o proporcionas tus datos de contacto a trav\u00e9s del [&hellip;]","og_url":"https:\/\/www.365-rentals.com\/es\/politica-de-privacidad\/","og_site_name":"365 Rentals Properties","article_publisher":"https:\/\/www.facebook.com\/365rentals.properties","article_modified_time":"2023-10-24T20:53:18+00:00","og_image":[{"width":1520,"height":320,"url":"https:\/\/www.365-rentals.com\/wp-content\/uploads\/logo-365-rentals-1.png","type":"image\/png"}],"twitter_card":"summary_large_image","twitter_misc":{"Tiempo de lectura":"8 minutos"},"schema":{"@context":"https:\/\/schema.org","@graph":[{"@type":"WebPage","@id":"https:\/\/www.365-rentals.com\/politica-de-privacidad\/","url":"https:\/\/www.365-rentals.com\/politica-de-privacidad\/","name":"Pol\u00edtica de privacidad &#8902; 365 Rentals Properties","isPartOf":{"@id":"https:\/\/www.365-rentals.com\/#website"},"datePublished":"2023-10-24T03:05:49+00:00","dateModified":"2023-10-24T20:53:18+00:00","breadcrumb":{"@id":"https:\/\/www.365-rentals.com\/politica-de-privacidad\/#breadcrumb"},"inLanguage":"es","potentialAction":[{"@type":"ReadAction","target":["https:\/\/www.365-rentals.com\/politica-de-privacidad\/"]}]},{"@type":"BreadcrumbList","@id":"https:\/\/www.365-rentals.com\/politica-de-privacidad\/#breadcrumb","itemListElement":[{"@type":"ListItem","position":1,"name":"Portada","item":"https:\/\/www.365-rentals.com\/es\/"},{"@type":"ListItem","position":2,"name":"Pol\u00edtica de privacidad"}]},{"@type":"WebSite","@id":"https:\/\/www.365-rentals.com\/#website","url":"https:\/\/www.365-rentals.com\/","name":"365 Rentals Properties","description":"Experiencias \u00fanicas en el mejor clima de Europa","publisher":{"@id":"https:\/\/www.365-rentals.com\/#organization"},"alternateName":"365 Rentals Properties","potentialAction":[{"@type":"SearchAction","target":{"@type":"EntryPoint","urlTemplate":"https:\/\/www.365-rentals.com\/?s={search_term_string}"},"query-input":"required name=search_term_string"}],"inLanguage":"es"},{"@type":"Organization","@id":"https:\/\/www.365-rentals.com\/#organization","name":"365 rentals","url":"https:\/\/www.365-rentals.com\/","logo":{"@type":"ImageObject","inLanguage":"es","@id":"https:\/\/www.365-rentals.com\/#\/schema\/logo\/image\/","url":"https:\/\/www.365-rentals.com\/wp-content\/uploads\/logo-365-rentals.png","contentUrl":"https:\/\/www.365-rentals.com\/wp-content\/uploads\/logo-365-rentals.png","width":380,"height":80,"caption":"365 rentals"},"image":{"@id":"https:\/\/www.365-rentals.com\/#\/schema\/logo\/image\/"},"sameAs":["https:\/\/www.facebook.com\/365rentals.properties","https:\/\/www.instagram.com\/365rentals.spain\/?igshid=MzRlODBiNWFlZA","https:\/\/www.youtube.com\/channel\/UCp4LWCAVPiKhmnTITv4xXDg"]}]}},"jetpack_sharing_enabled":true,"_links":{"self":[{"href":"https:\/\/www.365-rentals.com\/es\/wp-json\/wp\/v2\/pages\/1919"}],"collection":[{"href":"https:\/\/www.365-rentals.com\/es\/wp-json\/wp\/v2\/pages"}],"about":[{"href":"https:\/\/www.365-rentals.com\/es\/wp-json\/wp\/v2\/types\/page"}],"author":[{"embeddable":true,"href":"https:\/\/www.365-rentals.com\/es\/wp-json\/wp\/v2\/users\/2"}],"replies":[{"embeddable":true,"href":"https:\/\/www.365-rentals.com\/es\/wp-json\/wp\/v2\/comments?post=1919"}],"version-history":[{"count":0,"href":"https:\/\/www.365-rentals.com\/es\/wp-json\/wp\/v2\/pages\/1919\/revisions"}],"wp:attachment":[{"href":"https:\/\/www.365-rentals.com\/es\/wp-json\/wp\/v2\/media?parent=1919"}],"curies":[{"name":"wp","href":"https:\/\/api.w.org\/{rel}","templated":true}]}}