{"id":1924,"date":"2023-10-24T03:12:18","date_gmt":"2023-10-24T03:12:18","guid":{"rendered":"https:\/\/www.365-rentals.com\/?page_id=1924"},"modified":"2023-10-24T20:49:56","modified_gmt":"2023-10-24T20:49:56","slug":"avisos-legales","status":"publish","type":"page","link":"https:\/\/www.365-rentals.com\/es\/avisos-legales\/","title":{"rendered":"Avisos legales"},"content":{"rendered":"\t\t<div data-elementor-type=\"wp-page\" data-elementor-id=\"1924\" class=\"elementor elementor-1924\" data-elementor-post-type=\"page\">\n\t\t\t\t\t\t\t<section class=\"elementor-element elementor-element-a979967 e-flex e-con-boxed e-con e-parent\" data-id=\"a979967\" data-element_type=\"container\" data-settings=\"{&quot;background_background&quot;:&quot;classic&quot;,&quot;container_type&quot;:&quot;flex&quot;,&quot;content_width&quot;:&quot;boxed&quot;}\" data-core-v316-plus=\"true\">\n\t\t\t\t\t<div class=\"e-con-inner\">\n\t\t\t\t<div class=\"elementor-element elementor-element-4ffd058 elementor-widget elementor-widget-heading\" data-id=\"4ffd058\" data-element_type=\"widget\" data-widget_type=\"heading.default\">\n\t\t\t\t<div class=\"elementor-widget-container\">\n\t\t\t<style>\/*! elementor - v3.18.0 - 08-12-2023 *\/\n.elementor-heading-title{padding:0;margin:0;line-height:1}.elementor-widget-heading .elementor-heading-title[class*=elementor-size-]>a{color:inherit;font-size:inherit;line-height:inherit}.elementor-widget-heading .elementor-heading-title.elementor-size-small{font-size:15px}.elementor-widget-heading .elementor-heading-title.elementor-size-medium{font-size:19px}.elementor-widget-heading .elementor-heading-title.elementor-size-large{font-size:29px}.elementor-widget-heading .elementor-heading-title.elementor-size-xl{font-size:39px}.elementor-widget-heading .elementor-heading-title.elementor-size-xxl{font-size:59px}<\/style><h1 class=\"elementor-heading-title elementor-size-default\">Avisos legales<\/h1>\t\t<\/div>\n\t\t\t\t<\/div>\n\t\t\t\t\t<\/div>\n\t\t\t\t<\/section>\n\t\t<div class=\"elementor-element elementor-element-71e7f994 e-flex e-con-boxed e-con e-parent\" data-id=\"71e7f994\" data-element_type=\"container\" data-settings=\"{&quot;container_type&quot;:&quot;flex&quot;,&quot;content_width&quot;:&quot;boxed&quot;}\" data-core-v316-plus=\"true\">\n\t\t\t\t\t<div class=\"e-con-inner\">\n\t\t<div class=\"elementor-element elementor-element-dd4224d e-flex e-con-boxed e-con e-child\" data-id=\"dd4224d\" data-element_type=\"container\" data-settings=\"{&quot;background_background&quot;:&quot;classic&quot;,&quot;container_type&quot;:&quot;flex&quot;,&quot;content_width&quot;:&quot;boxed&quot;}\">\n\t\t\t\t\t<div class=\"e-con-inner\">\n\t\t\t\t<div class=\"elementor-element elementor-element-18f92c79 elementor-widget elementor-widget-text-editor\" data-id=\"18f92c79\" data-element_type=\"widget\" data-widget_type=\"text-editor.default\">\n\t\t\t\t<div class=\"elementor-widget-container\">\n\t\t\t<style>\/*! elementor - v3.18.0 - 08-12-2023 *\/\n.elementor-widget-text-editor.elementor-drop-cap-view-stacked .elementor-drop-cap{background-color:#69727d;color:#fff}.elementor-widget-text-editor.elementor-drop-cap-view-framed .elementor-drop-cap{color:#69727d;border:3px solid;background-color:transparent}.elementor-widget-text-editor:not(.elementor-drop-cap-view-default) .elementor-drop-cap{margin-top:8px}.elementor-widget-text-editor:not(.elementor-drop-cap-view-default) .elementor-drop-cap-letter{width:1em;height:1em}.elementor-widget-text-editor .elementor-drop-cap{float:left;text-align:center;line-height:1;font-size:50px}.elementor-widget-text-editor .elementor-drop-cap-letter{display:inline-block}<\/style>\t\t\t\t<!-- wp:paragraph -->\n<p><strong>1.- Informaci\u00f3n legal y aceptaci\u00f3n&nbsp;<\/strong><\/p>\n<!-- \/wp:paragraph -->\n\n<!-- wp:paragraph -->\n<p>En cumplimiento del art\u00edculo <strong>10 de la Ley 34\/2002<\/strong>, de 11 de julio, de Servicios de la Sociedad de la Informaci\u00f3n y Comercio Electr\u00f3nico, a continuaci\u00f3n se exponen los datos identificativos de la empresa. El presente portal de internet se pone al servicio de los usuarios por la entidad, cuyos datos identificativos son:<\/p>\n<!-- \/wp:paragraph -->\n\n<!-- wp:table -->\n<figure class=\"wp-block-table\"><table><tbody><tr><td><strong>Denominaci\u00f3n Social:<\/strong><\/td><td>KOSTA95 GESTION INMOBILIARIA S.L.<\/td><\/tr><tr><td><strong>CIF:<\/strong><\/td><td>B-72932528<\/td><\/tr><tr><td><strong>Domicilio Social:&nbsp;<\/strong><\/td><td>C\/ HERREROS, N\u00ba1, PLANTA BS, PUERTA A, 29700, VELEZ-MALAGA, MALAGA.<\/td><\/tr><tr><td><strong>Tel\u00e9fono<\/strong><\/td><td>+34 951 20 46 44<\/td><\/tr><tr><td><strong>Email:<\/strong><\/td><td>info@365-rentals.com<\/td><\/tr><\/tbody><\/table><\/figure>\n<!-- \/wp:table -->\n\n<!-- wp:paragraph -->\n<p>El acceso a la p\u00e1gina web es gratuito salvo en lo relativo al coste de la conexi\u00f3n a trav\u00e9s de la red de telecomunicaciones suministrada por el proveedor de acceso contratado por los usuarios. Determinados servicios son exclusivos para nuestros clientes y su acceso se encuentra restringido.<\/p>\n<!-- \/wp:paragraph -->\n\n<!-- wp:paragraph -->\n<p>La utilizaci\u00f3n del Portal atribuye la condici\u00f3n de usuario del Portal (en adelante, el \u2018Usuario\u2019) e implica la aceptaci\u00f3n de todas las condiciones incluidas en este Aviso Legal. La prestaci\u00f3n del servicio del Portal tiene una duraci\u00f3n limitada al momento en el que el Usuario se encuentre conectado al Portal o a alguno de los servicios que a trav\u00e9s del mismo se facilitan. Por tanto, el Usuario debe leer atentamente el presente Aviso Legal en cada una de las ocasiones en que se proponga utilizar el Portal, ya que <strong>KOSTA95 GESTION INMOBILIARIA S.L.<\/strong><strong> <\/strong>se reserva el derecho de efectuar sin previo aviso las modificaciones que considere oportunas en su web, pudiendo cambiar, suprimir o a\u00f1adir tanto los contenidos y servicios que se presten a trav\u00e9s de la misma como la forma en la que \u00e9stos aparezcan presentados.<\/p>\n<!-- \/wp:paragraph -->\n\n<!-- wp:paragraph -->\n<p>Por otro lado, el aviso legal podr\u00e1 cambiar en cualquier momento. Las modificaciones entrar\u00e1n en vigor desde el momento de su publicaci\u00f3n.<\/p>\n<!-- \/wp:paragraph -->\n\n<!-- wp:paragraph -->\n<p>Algunos servicios del Portal accesibles para los usuarios de Internet o exclusivos para los usuarios de <strong>KOSTA95 GESTION INMOBILIARIA S.L.<\/strong><strong> <\/strong>, pueden estar sometidos a condiciones particulares, reglamentos e instrucciones que, en su caso, sustituyen, completan y\/o modifican el presente Aviso Legal y que deber\u00e1n ser aceptadas por el Usuario antes de iniciarse la prestaci\u00f3n del servicio correspondiente.<\/p>\n<!-- \/wp:paragraph -->\n\n<!-- wp:paragraph -->\n<p><strong>2.- Propiedad intelectual e industrial<\/strong><\/p>\n<!-- \/wp:paragraph -->\n\n<!-- wp:paragraph -->\n<p>Todos los contenidos del Portal, entendiendo por estos a t\u00edtulo meramente enunciativo los textos, fotograf\u00edas, gr\u00e1ficos, im\u00e1genes, iconos, tecnolog\u00eda, software, links y dem\u00e1s contenidos audiovisuales o sonoros, as\u00ed como su dise\u00f1o gr\u00e1fico y c\u00f3digos fuente (en adelante, los \u2018Contenidos\u2019), son propiedad intelectual de <strong>KOSTA95 GESTION INMOBILIARIA S.L<\/strong><strong>&nbsp; <\/strong>o de terceros, sin que puedan entenderse cedidos al Usuario ninguno de los derechos de explotaci\u00f3n reconocidos por la normativa vigente en materia de propiedad intelectual sobre los mismos, salvo aquellos que resulten estrictamente necesario para el uso del Portal.<\/p>\n<!-- \/wp:paragraph -->\n\n<!-- wp:paragraph -->\n<p>Las marcas, nombres comerciales o signos distintivos son titularidad de <strong>KOSTA95 GESTION INMOBILIARIA S.L<\/strong><strong>&nbsp; <\/strong>o terceros, sin que pueda entenderse que el acceso al Portal atribuya ning\u00fan derecho sobre las citadas marcas, nombres comerciales y\/o signos distintivos.<\/p>\n<!-- \/wp:paragraph -->\n\n<!-- wp:paragraph -->\n<p>Est\u00e1 prohibida la utilizaci\u00f3n de cualquier marca denominativa, gr\u00e1fica o mixta o cualquier otro signo distintivo de <strong>KOSTA95 GESTION INMOBILIARIA S.L<\/strong><strong>&nbsp; <\/strong>dentro de la p\u00e1gina del remitente salvo en los casos permitidos por la ley o expresamente autorizados por <strong>KOSTA95 GESTION INMOBILIARIA S.L<\/strong><strong>&nbsp; <\/strong>y siempre que se permita, en estos casos, un enlace directo con el Portal en la forma establecida en esta cl\u00e1usula.<\/p>\n<!-- \/wp:paragraph -->\n\n<!-- wp:paragraph -->\n<p><strong>3.- Condiciones de uso del portal<\/strong><\/p>\n<!-- \/wp:paragraph -->\n\n<!-- wp:paragraph -->\n<p>El Usuario se obliga a hacer un uso correcto del Portal de conformidad con la Ley y el presente Aviso Legal, as\u00ed como con las dem\u00e1s condiciones, reglamentos e instrucciones que en su caso pudieran ser de aplicaci\u00f3n de conformidad con lo dispuesto en la cl\u00e1usula 1. El Usuario responder\u00e1 frente a <strong>KOSTA95 GESTION INMOBILIARIA S.L<\/strong><strong>&nbsp; <\/strong>o frente a terceros, de cualesquiera da\u00f1os y perjuicios que pudieran causarse como consecuencia del incumplimiento de dicha obligaci\u00f3n.<\/p>\n<!-- \/wp:paragraph -->\n\n<!-- wp:paragraph -->\n<p>Queda expresamente prohibido el uso del Portal con fines lesivos de bienes o intereses de <strong>KOSTA95 GESTION INMOBILIARIA S.L <\/strong>&nbsp;o de terceros o que de cualquier otra forma sobrecarguen, da\u00f1en o inutilice las redes, servidores y dem\u00e1s equipos inform\u00e1ticos (hardware) o productos y aplicaciones inform\u00e1ticas (software) de <strong>KOSTA95 GESTION INMOBILIARIA S.L<\/strong><strong>&nbsp; <\/strong>o de terceros.<\/p>\n<!-- \/wp:paragraph -->\n\n<!-- wp:paragraph -->\n<p>En ning\u00fan caso, se expresar\u00e1 en la p\u00e1gina donde se ubique el enlace que <strong>KOSTA95 GESTION INMOBILIARIA S.L<\/strong><strong> <\/strong>&nbsp;ha prestado su consentimiento para la inserci\u00f3n del enlace o que de otra forma patrocina, colabora, verifica o supervisa los servicios del remitente.<\/p>\n<!-- \/wp:paragraph -->\n\n<!-- wp:paragraph -->\n<p><strong>4.- Exclusi\u00f3n de responsabilidad<\/strong><\/p>\n<!-- \/wp:paragraph -->\n\n<!-- wp:paragraph -->\n<p>Hasta donde la ley lo permita, <strong>KOSTA95 GESTION INMOBILIARIA S.L<\/strong><strong> <\/strong>, no se hace responsable de:&nbsp;<\/p>\n<!-- \/wp:paragraph -->\n\n<!-- wp:paragraph -->\n<p><strong>a)<\/strong> los errores u omisiones en los contenidos;&nbsp;<\/p>\n<!-- \/wp:paragraph -->\n\n<!-- wp:paragraph -->\n<p><strong>b)<\/strong> la falta de disponibilidad de la web o;&nbsp;<\/p>\n<!-- \/wp:paragraph -->\n\n<!-- wp:paragraph -->\n<p><strong>c)<\/strong> la transmisi\u00f3n de programas maliciosos en los contenidos, a pesar de haber adoptado todas las medidas tecnol\u00f3gicas necesarias para evitarlo.<\/p>\n<!-- \/wp:paragraph -->\n\n<!-- wp:paragraph -->\n<p><strong>5.- Protecci\u00f3n de datos personales<\/strong><\/p>\n<!-- \/wp:paragraph -->\n\n<!-- wp:paragraph -->\n<p>Consulta nuestra <strong>Pol\u00edtica de Privacidad<\/strong> para conocer el uso que hacemos de tus datos personales.<\/p>\n<!-- \/wp:paragraph -->\n\n<!-- wp:paragraph -->\n<p><strong>6.- Cookies<\/strong><\/p>\n<!-- \/wp:paragraph -->\n\n<!-- wp:paragraph -->\n<p>Consulta nuestra Pol\u00edtica de Cookies para conocer el uso que hacemos de ellas.<\/p>\n<!-- \/wp:paragraph -->\n\n<!-- wp:paragraph -->\n<p><strong>7.- Comunicaci\u00f3n de actividades de car\u00e1cter il\u00edcito e inadecuado&nbsp;<\/strong><\/p>\n<!-- \/wp:paragraph -->\n\n<!-- wp:paragraph -->\n<p>En el caso de que el Usuario o cualquier otro usuario de Internet tuvieran conocimiento de que los Sitios Enlazados remiten a p\u00e1ginas cuyos contenidos o servicios son il\u00edcitos, nocivos, denigrantes, violentos o contrarios a la moral podr\u00e1 ponerse en contacto con <strong>KOSTA95 GESTION INMOBILIARIA S.L&nbsp; <\/strong>indicando los siguientes extremos:<\/p>\n<!-- \/wp:paragraph -->\n\n<!-- wp:list -->\n<ul><!-- wp:list-item -->\n<li>Datos personales del comunicante: nombre, direcci\u00f3n, n\u00famero de tel\u00e9fono y direcci\u00f3n de correo electr\u00f3nico;<\/li>\n<!-- \/wp:list-item -->\n\n<!-- wp:list-item -->\n<li>Descripci\u00f3n de los hechos que revelan el car\u00e1cter il\u00edcito o inadecuado del Sitio Enlazado;<\/li>\n<!-- \/wp:list-item -->\n\n<!-- wp:list-item -->\n<li>En el supuesto de violaci\u00f3n de derechos, tales como propiedad intelectual e industrial, los datos personales del titular del derecho infringido cuando sea persona distinta del comunicante. Asimismo deber\u00e1 aportar el t\u00edtulo que acredite la legitimaci\u00f3n del titular de los derechos y, en su caso, el de representaci\u00f3n para actuar por cuenta del titular cuando sea persona distinta del comunicante;<\/li>\n<!-- \/wp:list-item -->\n\n<!-- wp:list-item -->\n<li>Declaraci\u00f3n expresa de que la informaci\u00f3n contenida en la reclamaci\u00f3n es exacta.<\/li>\n<!-- \/wp:list-item -->\n\n<!-- wp:list-item -->\n<li>Deber\u00e1 aportar el t\u00edtulo que acredite la legitimaci\u00f3n del titular de los derechos y, en su caso, el de representaci\u00f3n para actuar por cuenta del titular cuando sea persona distinta del comunicante<\/li>\n<!-- \/wp:list-item --><\/ul>\n<!-- \/wp:list -->\n\n<!-- wp:paragraph -->\n<p>La recepci\u00f3n por parte de <strong>KOSTA95 GESTION INMOBILIARIA S.L<\/strong><strong> <\/strong>&nbsp;de la comunicaci\u00f3n prevista en esta cl\u00e1usula no supondr\u00e1, seg\u00fan lo dispuesto en la LSSI, el conocimiento efectivo de las actividades y\/o contenidos indicados por el comunicante<\/p>\n<!-- \/wp:paragraph -->\n\n<!-- wp:paragraph -->\n<p><strong>8.- Legislaci\u00f3n y fuero<\/strong> El presente Aviso Legal se rige en todos y cada uno de sus extremos por la ley espa\u00f1ola. Siempre y cuando la Ley aplicable permita la renuncia al fuero legal establecido, se designa como fuero para dirimir posibles disputas, los Juzgados y Tribunales de M\u00e1laga.<\/p>\n<!-- \/wp:paragraph -->\t\t\t\t\t\t<\/div>\n\t\t\t\t<\/div>\n\t\t\t\t\t<\/div>\n\t\t\t\t<\/div>\n\t\t\t\t\t<\/div>\n\t\t\t\t<\/div>\n\t\t\t\t\t\t\t<\/div>\n\t\t","protected":false},"excerpt":{"rendered":"<p>1.- Informaci\u00f3n legal y aceptaci\u00f3n&nbsp; En cumplimiento del art\u00edculo 10 de la Ley 34\/2002, de 11 de julio, de Servicios de la Sociedad de la Informaci\u00f3n y Comercio Electr\u00f3nico, a continuaci\u00f3n se exponen los datos identificativos de la empresa. El presente portal de internet se pone al servicio de los usuarios por la entidad, cuyos [&hellip;]<\/p>\n","protected":false},"author":2,"featured_media":0,"parent":0,"menu_order":0,"comment_status":"closed","ping_status":"closed","template":"elementor_header_footer","meta":{"footnotes":""},"yoast_head":"<!-- This site is optimized with the Yoast SEO plugin v21.7 - https:\/\/yoast.com\/wordpress\/plugins\/seo\/ -->\n<title>Avisos legales &#8902; 365 Rentals Properties<\/title>\n<meta name=\"robots\" content=\"index, follow, max-snippet:-1, max-image-preview:large, max-video-preview:-1\" \/>\n<link rel=\"canonical\" href=\"https:\/\/www.365-rentals.com\/es\/avisos-legales\/\" \/>\n<meta property=\"og:locale\" content=\"es_ES\" \/>\n<meta property=\"og:type\" content=\"article\" \/>\n<meta property=\"og:title\" content=\"Avisos legales &#8902; 365 Rentals Properties\" \/>\n<meta property=\"og:description\" content=\"1.- Informaci\u00f3n legal y aceptaci\u00f3n&nbsp; En cumplimiento del art\u00edculo 10 de la Ley 34\/2002, de 11 de julio, de Servicios de la Sociedad de la Informaci\u00f3n y Comercio Electr\u00f3nico, a continuaci\u00f3n se exponen los datos identificativos de la empresa. El presente portal de internet se pone al servicio de los usuarios por la entidad, cuyos [&hellip;]\" \/>\n<meta property=\"og:url\" content=\"https:\/\/www.365-rentals.com\/es\/avisos-legales\/\" \/>\n<meta property=\"og:site_name\" content=\"365 Rentals Properties\" \/>\n<meta property=\"article:publisher\" content=\"https:\/\/www.facebook.com\/365rentals.properties\" \/>\n<meta property=\"article:modified_time\" content=\"2023-10-24T20:49:56+00:00\" \/>\n<meta property=\"og:image\" content=\"https:\/\/www.365-rentals.com\/wp-content\/uploads\/logo-365-rentals-1.png\" \/>\n\t<meta property=\"og:image:width\" content=\"1520\" \/>\n\t<meta property=\"og:image:height\" content=\"320\" \/>\n\t<meta property=\"og:image:type\" content=\"image\/png\" \/>\n<meta name=\"twitter:card\" content=\"summary_large_image\" \/>\n<meta name=\"twitter:label1\" content=\"Tiempo de lectura\" \/>\n\t<meta name=\"twitter:data1\" content=\"6 minutos\" \/>\n<script type=\"application\/ld+json\" class=\"yoast-schema-graph\">{\"@context\":\"https:\/\/schema.org\",\"@graph\":[{\"@type\":\"WebPage\",\"@id\":\"https:\/\/www.365-rentals.com\/avisos-legales\/\",\"url\":\"https:\/\/www.365-rentals.com\/avisos-legales\/\",\"name\":\"Avisos legales &#8902; 365 Rentals Properties\",\"isPartOf\":{\"@id\":\"https:\/\/www.365-rentals.com\/#website\"},\"datePublished\":\"2023-10-24T03:12:18+00:00\",\"dateModified\":\"2023-10-24T20:49:56+00:00\",\"breadcrumb\":{\"@id\":\"https:\/\/www.365-rentals.com\/avisos-legales\/#breadcrumb\"},\"inLanguage\":\"es\",\"potentialAction\":[{\"@type\":\"ReadAction\",\"target\":[\"https:\/\/www.365-rentals.com\/avisos-legales\/\"]}]},{\"@type\":\"BreadcrumbList\",\"@id\":\"https:\/\/www.365-rentals.com\/avisos-legales\/#breadcrumb\",\"itemListElement\":[{\"@type\":\"ListItem\",\"position\":1,\"name\":\"Portada\",\"item\":\"https:\/\/www.365-rentals.com\/es\/\"},{\"@type\":\"ListItem\",\"position\":2,\"name\":\"Avisos legales\"}]},{\"@type\":\"WebSite\",\"@id\":\"https:\/\/www.365-rentals.com\/#website\",\"url\":\"https:\/\/www.365-rentals.com\/\",\"name\":\"365 Rentals Properties\",\"description\":\"Experiencias \u00fanicas en el mejor clima de Europa\",\"publisher\":{\"@id\":\"https:\/\/www.365-rentals.com\/#organization\"},\"alternateName\":\"365 Rentals Properties\",\"potentialAction\":[{\"@type\":\"SearchAction\",\"target\":{\"@type\":\"EntryPoint\",\"urlTemplate\":\"https:\/\/www.365-rentals.com\/?s={search_term_string}\"},\"query-input\":\"required name=search_term_string\"}],\"inLanguage\":\"es\"},{\"@type\":\"Organization\",\"@id\":\"https:\/\/www.365-rentals.com\/#organization\",\"name\":\"365 rentals\",\"url\":\"https:\/\/www.365-rentals.com\/\",\"logo\":{\"@type\":\"ImageObject\",\"inLanguage\":\"es\",\"@id\":\"https:\/\/www.365-rentals.com\/#\/schema\/logo\/image\/\",\"url\":\"https:\/\/www.365-rentals.com\/wp-content\/uploads\/logo-365-rentals.png\",\"contentUrl\":\"https:\/\/www.365-rentals.com\/wp-content\/uploads\/logo-365-rentals.png\",\"width\":380,\"height\":80,\"caption\":\"365 rentals\"},\"image\":{\"@id\":\"https:\/\/www.365-rentals.com\/#\/schema\/logo\/image\/\"},\"sameAs\":[\"https:\/\/www.facebook.com\/365rentals.properties\",\"https:\/\/www.instagram.com\/365rentals.spain\/?igshid=MzRlODBiNWFlZA\",\"https:\/\/www.youtube.com\/channel\/UCp4LWCAVPiKhmnTITv4xXDg\"]}]}<\/script>\n<!-- \/ Yoast SEO plugin. -->","yoast_head_json":{"title":"Avisos legales &#8902; 365 Rentals Properties","robots":{"index":"index","follow":"follow","max-snippet":"max-snippet:-1","max-image-preview":"max-image-preview:large","max-video-preview":"max-video-preview:-1"},"canonical":"https:\/\/www.365-rentals.com\/es\/avisos-legales\/","og_locale":"es_ES","og_type":"article","og_title":"Avisos legales &#8902; 365 Rentals Properties","og_description":"1.- Informaci\u00f3n legal y aceptaci\u00f3n&nbsp; En cumplimiento del art\u00edculo 10 de la Ley 34\/2002, de 11 de julio, de Servicios de la Sociedad de la Informaci\u00f3n y Comercio Electr\u00f3nico, a continuaci\u00f3n se exponen los datos identificativos de la empresa. El presente portal de internet se pone al servicio de los usuarios por la entidad, cuyos [&hellip;]","og_url":"https:\/\/www.365-rentals.com\/es\/avisos-legales\/","og_site_name":"365 Rentals Properties","article_publisher":"https:\/\/www.facebook.com\/365rentals.properties","article_modified_time":"2023-10-24T20:49:56+00:00","og_image":[{"width":1520,"height":320,"url":"https:\/\/www.365-rentals.com\/wp-content\/uploads\/logo-365-rentals-1.png","type":"image\/png"}],"twitter_card":"summary_large_image","twitter_misc":{"Tiempo de lectura":"6 minutos"},"schema":{"@context":"https:\/\/schema.org","@graph":[{"@type":"WebPage","@id":"https:\/\/www.365-rentals.com\/avisos-legales\/","url":"https:\/\/www.365-rentals.com\/avisos-legales\/","name":"Avisos legales &#8902; 365 Rentals Properties","isPartOf":{"@id":"https:\/\/www.365-rentals.com\/#website"},"datePublished":"2023-10-24T03:12:18+00:00","dateModified":"2023-10-24T20:49:56+00:00","breadcrumb":{"@id":"https:\/\/www.365-rentals.com\/avisos-legales\/#breadcrumb"},"inLanguage":"es","potentialAction":[{"@type":"ReadAction","target":["https:\/\/www.365-rentals.com\/avisos-legales\/"]}]},{"@type":"BreadcrumbList","@id":"https:\/\/www.365-rentals.com\/avisos-legales\/#breadcrumb","itemListElement":[{"@type":"ListItem","position":1,"name":"Portada","item":"https:\/\/www.365-rentals.com\/es\/"},{"@type":"ListItem","position":2,"name":"Avisos legales"}]},{"@type":"WebSite","@id":"https:\/\/www.365-rentals.com\/#website","url":"https:\/\/www.365-rentals.com\/","name":"365 Rentals Properties","description":"Experiencias \u00fanicas en el mejor clima de Europa","publisher":{"@id":"https:\/\/www.365-rentals.com\/#organization"},"alternateName":"365 Rentals Properties","potentialAction":[{"@type":"SearchAction","target":{"@type":"EntryPoint","urlTemplate":"https:\/\/www.365-rentals.com\/?s={search_term_string}"},"query-input":"required name=search_term_string"}],"inLanguage":"es"},{"@type":"Organization","@id":"https:\/\/www.365-rentals.com\/#organization","name":"365 rentals","url":"https:\/\/www.365-rentals.com\/","logo":{"@type":"ImageObject","inLanguage":"es","@id":"https:\/\/www.365-rentals.com\/#\/schema\/logo\/image\/","url":"https:\/\/www.365-rentals.com\/wp-content\/uploads\/logo-365-rentals.png","contentUrl":"https:\/\/www.365-rentals.com\/wp-content\/uploads\/logo-365-rentals.png","width":380,"height":80,"caption":"365 rentals"},"image":{"@id":"https:\/\/www.365-rentals.com\/#\/schema\/logo\/image\/"},"sameAs":["https:\/\/www.facebook.com\/365rentals.properties","https:\/\/www.instagram.com\/365rentals.spain\/?igshid=MzRlODBiNWFlZA","https:\/\/www.youtube.com\/channel\/UCp4LWCAVPiKhmnTITv4xXDg"]}]}},"jetpack_sharing_enabled":true,"_links":{"self":[{"href":"https:\/\/www.365-rentals.com\/es\/wp-json\/wp\/v2\/pages\/1924"}],"collection":[{"href":"https:\/\/www.365-rentals.com\/es\/wp-json\/wp\/v2\/pages"}],"about":[{"href":"https:\/\/www.365-rentals.com\/es\/wp-json\/wp\/v2\/types\/page"}],"author":[{"embeddable":true,"href":"https:\/\/www.365-rentals.com\/es\/wp-json\/wp\/v2\/users\/2"}],"replies":[{"embeddable":true,"href":"https:\/\/www.365-rentals.com\/es\/wp-json\/wp\/v2\/comments?post=1924"}],"version-history":[{"count":0,"href":"https:\/\/www.365-rentals.com\/es\/wp-json\/wp\/v2\/pages\/1924\/revisions"}],"wp:attachment":[{"href":"https:\/\/www.365-rentals.com\/es\/wp-json\/wp\/v2\/media?parent=1924"}],"curies":[{"name":"wp","href":"https:\/\/api.w.org\/{rel}","templated":true}]}}