{"id":3376,"date":"2023-11-29T12:30:07","date_gmt":"2023-11-29T12:30:07","guid":{"rendered":"https:\/\/www.365-rentals.com\/?page_id=3376"},"modified":"2023-11-29T12:32:48","modified_gmt":"2023-11-29T12:32:48","slug":"declaracion-de-accesibilidad","status":"publish","type":"page","link":"https:\/\/www.365-rentals.com\/es\/declaracion-de-accesibilidad\/","title":{"rendered":"Declaraci\u00f3n de accesibilidad"},"content":{"rendered":"\t\t<div data-elementor-type=\"wp-page\" data-elementor-id=\"3376\" class=\"elementor elementor-3376\" data-elementor-post-type=\"page\">\n\t\t\t\t\t\t\t<div class=\"elementor-element elementor-element-37e974a e-flex e-con-boxed e-con e-parent\" data-id=\"37e974a\" data-element_type=\"container\" data-settings=\"{&quot;container_type&quot;:&quot;flex&quot;,&quot;content_width&quot;:&quot;boxed&quot;}\" data-core-v316-plus=\"true\">\n\t\t\t\t\t<div class=\"e-con-inner\">\n\t\t\t\t<div class=\"elementor-element elementor-element-c72e928 elementor-widget elementor-widget-text-editor\" data-id=\"c72e928\" data-element_type=\"widget\" data-widget_type=\"text-editor.default\">\n\t\t\t\t<div class=\"elementor-widget-container\">\n\t\t\t<style>\/*! elementor - v3.18.0 - 08-12-2023 *\/\n.elementor-widget-text-editor.elementor-drop-cap-view-stacked .elementor-drop-cap{background-color:#69727d;color:#fff}.elementor-widget-text-editor.elementor-drop-cap-view-framed .elementor-drop-cap{color:#69727d;border:3px solid;background-color:transparent}.elementor-widget-text-editor:not(.elementor-drop-cap-view-default) .elementor-drop-cap{margin-top:8px}.elementor-widget-text-editor:not(.elementor-drop-cap-view-default) .elementor-drop-cap-letter{width:1em;height:1em}.elementor-widget-text-editor .elementor-drop-cap{float:left;text-align:center;line-height:1;font-size:50px}.elementor-widget-text-editor .elementor-drop-cap-letter{display:inline-block}<\/style>\t\t\t\t<h1><b>Medidas de apoyo a la accesibilidad<\/b><\/h1><p><span style=\"font-weight: 400;\">365-rentals.com se ha comprometido a hacer accesible su sitio web, de conformidad con el Real Decreto 1112\/2018, de 7 de septiembre, sobre accesibilidad de los sitios web y aplicaciones para dispositivos m\u00f3viles<\/span><\/p><p><span style=\"font-weight: 400;\">La presente declaraci\u00f3n de accesibilidad se aplica al sitio web www.365-rentals.com<\/span><\/p><h2><b>Situaci\u00f3n de cumplimiento<\/b><\/h2><p><span style=\"font-weight: 400;\">Este sitio web es parcialmente conforme con el RD 1112\/2018 debido a las excepciones y a la falta de conformidad de los aspectos que se indican en el siguiente punto.<\/span><\/p><h3><b>Contenido no accesible<\/b><\/h3><p><span style=\"font-weight: 400;\">A pesar de nuestros mejores esfuerzos para garantizar la accesibilidad de www.365-rentals.com, puede haber algunas limitaciones. A continuaci\u00f3n se incluye una descripci\u00f3n de las limitaciones conocidas y las posibles soluciones. Comun\u00edquese con nosotros si observa un problema que no se menciona a continuaci\u00f3n.<\/span><\/p><p><span style=\"font-weight: 400;\">El contenido que se recoge a continuaci\u00f3n no es accesible por lo siguiente: falta de conformidad con el RD 1112\/2018.<\/span><\/p><ul><li style=\"font-weight: 400;\" aria-level=\"1\"><span style=\"font-weight: 400;\">Algunas im\u00e1genes no est\u00e1n etiquetadas o tienen una alternativa textual gen\u00e9rica [9.1.1.1 Contenido no textual (Condicional)]<\/span><\/li><li style=\"font-weight: 400;\" aria-level=\"1\"><span style=\"font-weight: 400;\">Podr\u00edan existir algunos aspectos de contraste que no cumplan los m\u00ednimos exigidos, 3:1, con respecto a los colores adyacentes del fondo de la secci\u00f3n de la web en cuesti\u00f3n. [9.1.4.3 Contraste m\u00ednimo]<\/span><\/li><li style=\"font-weight: 400;\" aria-level=\"1\"><span style=\"font-weight: 400;\">Algunas secciones no tienen la funcionalidad con el teclado [9.2.1.1 Teclado]<\/span><\/li><li style=\"font-weight: 400;\" aria-level=\"1\"><span style=\"font-weight: 400;\">Podr\u00edan existir estructuras de encabezado no adecuada [9.2.4.1 Bloques de derivaci\u00f3n]<\/span><\/li><li style=\"font-weight: 400;\" aria-level=\"1\"><span style=\"font-weight: 400;\">El orden de navegaci\u00f3n de enlaces, elementos de formulario, etc. Puede no ser l\u00f3gico e intuitivo. [9.2.4.3 Orden de enfoque]<\/span><\/li><li style=\"font-weight: 400;\" aria-level=\"1\"><span style=\"font-weight: 400;\">Algunos enlaces carecen de pr\u00f3posito [ 9.2.4.4 Prop\u00f3sito de los enlaces]<\/span><\/li><\/ul><h3><b>Carga desproporcionada<\/b><\/h3><p><span style=\"font-weight: 400;\">No aplica.<\/span><\/p><h3><b>Preparaci\u00f3n de la presente declaraci\u00f3n de accesibilidad<\/b><\/h3><ul><li style=\"font-weight: 400;\" aria-level=\"1\"><span style=\"font-weight: 400;\">\u00a0<\/span><\/li><\/ul><p><span style=\"font-weight: 400;\">La presente declaraci\u00f3n fue preparada el 29 de Noviembre de 2023.<\/span><\/p><p><span style=\"font-weight: 400;\">El m\u00e9todo empleado para preparar la declaraci\u00f3n ha sido una autoevaluaci\u00f3n llevada a cabo por el propio organismo.<\/span><\/p><p><span style=\"font-weight: 400;\">\u00daltima revisi\u00f3n de la declaraci\u00f3n: 29 de Noviembre de 2023.<\/span><\/p><h3><b>Especificaciones t\u00e9cnicas<\/b><\/h3><p><span style=\"font-weight: 400;\">Accesibilidad de www.365-rentals.com se basa en las siguientes tecnolog\u00edas para funcionar con la combinaci\u00f3n particular de navegador web y cualquier tecnolog\u00eda de asistencia o complemento instalado en su computadora:<\/span><\/p><ul><li style=\"font-weight: 400;\" aria-level=\"2\"><span style=\"font-weight: 400;\">HTML<\/span><\/li><\/ul><ul><li style=\"font-weight: 400;\" aria-level=\"2\"><span style=\"font-weight: 400;\">WAI-ARIA<\/span><\/li><\/ul><ul><li style=\"font-weight: 400;\" aria-level=\"2\"><span style=\"font-weight: 400;\">CSS<\/span><\/li><\/ul><ul><li style=\"font-weight: 400;\" aria-level=\"2\"><span style=\"font-weight: 400;\">JavaScript<\/span><\/li><\/ul><p><span style=\"font-weight: 400;\">Se conf\u00eda en estas tecnolog\u00edas para cumplir con los est\u00e1ndares de accesibilidad utilizados.<\/span><\/p><h3><b>Reporte de evaluaci\u00f3n semiautom\u00e1ticas:<\/b><\/h3><ul><li style=\"font-weight: 400;\" aria-level=\"2\"><span style=\"font-weight: 400;\">The Wave es una herramienta gratuita de validaci\u00f3n que se basa en las normas de WCAG 2.1 y en la Secci\u00f3n 508 de EEUU. Est\u00e1 desarrollado por WebAIM (Accessibility in Mind), organizaci\u00f3n sin \u00e1nimo de lucro del Center for Persons with Disabilities de la Universidad del Estado de Utah. Este validador no s\u00f3lo realiza un an\u00e1lisis pormenorizado de accesibilidad sino que proporciona informaci\u00f3n sobre el contenido y la estructura de las p\u00e1ginas para ayudar a los desarrolladores a realizar aquellas tareas que exigen una toma de decisiones de tipo personal.<\/span><\/li><\/ul><h3><b>Comprobaci\u00f3n manual:<\/b><\/h3><ul><li style=\"font-weight: 400;\" aria-level=\"2\"><span style=\"font-weight: 400;\">Confirmar que se puede aumentar el tama\u00f1o de fuente y que la p\u00e1gina es usable con un tama\u00f1o de fuente grande.<\/span><\/li><\/ul><ul><li style=\"font-weight: 400;\" aria-level=\"2\"><span style=\"font-weight: 400;\">Comprobar que existe un buen resaltado visual del elemento que recibe el foco tanto mediante el rat\u00f3n, como mediante el teclado.<\/span><\/li><\/ul><ul><li style=\"font-weight: 400;\" aria-level=\"2\"><span style=\"font-weight: 400;\">Probar las p\u00e1ginas con diferentes resoluciones de pantalla y\/o con diferentes tama\u00f1os de ventana.<\/span><\/li><\/ul><ul><li style=\"font-weight: 400;\" aria-level=\"2\"><span style=\"font-weight: 400;\">Visualizar las p\u00e1ginas de forma que cojan autom\u00e1ticamente la apariencia en \u201cNegro Alto contraste\u201d u otra similar, seleccionada en las opciones del sistema del ordenador.<\/span><\/li><\/ul><ul><li style=\"font-weight: 400;\" aria-level=\"2\"><span style=\"font-weight: 400;\">Revisar el contraste que existe entre fondo y texto, tanto en los contenidos como en las im\u00e1genes.<\/span><\/li><\/ul><h3><b>Observaciones y datos de contacto<\/b><\/h3><p><span style=\"font-weight: 400;\">Puede realizar comunicaciones sobre requisitos de accesibilidad (art\u00edculo 10.2.a) del RD 1112\/2018) como por ejemplo:<\/span><\/p><ul><li style=\"font-weight: 400;\" aria-level=\"2\"><span style=\"font-weight: 400;\">Informar sobre cualquier posible incumplimiento por parte de este sitio web<\/span><\/li><\/ul><ul><li style=\"font-weight: 400;\" aria-level=\"2\"><span style=\"font-weight: 400;\">Transmitir otras dificultades de acceso al contenido<\/span><\/li><\/ul><ul><li style=\"font-weight: 400;\" aria-level=\"2\"><span style=\"font-weight: 400;\">Formular cualquier otra consulta o sugerencia de mejora relativa a la accesibilidad del sitio web<\/span><\/li><\/ul><p><span style=\"font-weight: 400;\">A trav\u00e9s del siguiente email info@365-rentals.com<\/span><\/p><h3><b>Contenido opcional<\/b><\/h3><p><span style=\"font-weight: 400;\">Este portal est\u00e1 dise\u00f1ado para poder cambiar el tama\u00f1o del texto y el color, as\u00ed como el fondo de la p\u00e1gina mediante las opciones de configuraci\u00f3n est\u00e1ndar de los navegadores.<\/span><\/p><p><span style=\"font-weight: 400;\">Si desea cambiar el tama\u00f1o de letra del texto en los principales navegadores gr\u00e1ficos utilice los siguientes men\u00fas:<\/span><\/p><ul><li style=\"font-weight: 400;\" aria-level=\"2\"><span style=\"font-weight: 400;\">Internet Explorer, Mozilla y Firefox: Ver &gt; Tama\u00f1o del texto<\/span><\/li><\/ul><ul><li style=\"font-weight: 400;\" aria-level=\"2\"><span style=\"font-weight: 400;\">Opera: Ver &gt; Zoom<\/span><\/li><\/ul><ul><li style=\"font-weight: 400;\" aria-level=\"2\"><span style=\"font-weight: 400;\">Safari: Ver &gt; Hacer el texto m\u00e1s grande<\/span><\/li><\/ul><ul><li style=\"font-weight: 400;\" aria-level=\"2\"><span style=\"font-weight: 400;\">Chrome: Controla la p\u00e1gina actual &gt; Tama\u00f1o del texto<\/span><\/li><\/ul><ul><li style=\"font-weight: 400;\" aria-level=\"2\"><span style=\"font-weight: 400;\">Para modificar el tama\u00f1o de todo en la p\u00e1gina:<\/span><\/li><\/ul><ul><li style=\"font-weight: 400;\" aria-level=\"2\"><span style=\"font-weight: 400;\">Ctrl + + para aumentarlo<\/span><\/li><\/ul><ul><li style=\"font-weight: 400;\" aria-level=\"2\"><span style=\"font-weight: 400;\">Ctrl + &#8211; para disminuirlo<\/span><\/li><\/ul><ul><li style=\"font-weight: 400;\" aria-level=\"2\"><span style=\"font-weight: 400;\">Ctrl + 0 restaura el tama\u00f1o original del texto<\/span><\/li><\/ul><ul><li style=\"font-weight: 400;\" aria-level=\"2\"><span style=\"font-weight: 400;\">Tambi\u00e9n puede hacer uso de las herramientas de accesibilidad que se encuentra en el extremo superior izquierdo<\/span><\/li><\/ul><p>\u00a0<\/p>\t\t\t\t\t\t<\/div>\n\t\t\t\t<\/div>\n\t\t\t\t<div class=\"elementor-element elementor-element-4ddb9b6 elementor-widget elementor-widget-image\" data-id=\"4ddb9b6\" data-element_type=\"widget\" data-widget_type=\"image.default\">\n\t\t\t\t<div class=\"elementor-widget-container\">\n\t\t\t<style>\/*! elementor - v3.18.0 - 08-12-2023 *\/\n.elementor-widget-image{text-align:center}.elementor-widget-image a{display:inline-block}.elementor-widget-image a img[src$=\".svg\"]{width:48px}.elementor-widget-image img{vertical-align:middle;display:inline-block}<\/style>\t\t\t\t\t\t\t\t\t\t\t\t<img fetchpriority=\"high\" decoding=\"async\" width=\"800\" height=\"377\" src=\"https:\/\/www.365-rentals.com\/wp-content\/uploads\/Captura-de-pantalla-2023-11-29-133127-1024x482.png\" class=\"attachment-large size-large wp-image-3379\" alt=\"\" srcset=\"https:\/\/www.365-rentals.com\/wp-content\/uploads\/Captura-de-pantalla-2023-11-29-133127-1024x482.png 1024w, https:\/\/www.365-rentals.com\/wp-content\/uploads\/Captura-de-pantalla-2023-11-29-133127-300x141.png 300w, https:\/\/www.365-rentals.com\/wp-content\/uploads\/Captura-de-pantalla-2023-11-29-133127-768x361.png 768w, https:\/\/www.365-rentals.com\/wp-content\/uploads\/Captura-de-pantalla-2023-11-29-133127-18x8.png 18w, https:\/\/www.365-rentals.com\/wp-content\/uploads\/Captura-de-pantalla-2023-11-29-133127.png 1365w\" sizes=\"(max-width: 800px) 100vw, 800px\" \/>\t\t\t\t\t\t\t\t\t\t\t\t\t\t\t<\/div>\n\t\t\t\t<\/div>\n\t\t\t\t\t<\/div>\n\t\t\t\t<\/div>\n\t\t\t\t\t\t\t<\/div>\n\t\t","protected":false},"excerpt":{"rendered":"<p>Medidas de apoyo a la accesibilidad 365-rentals.com se ha comprometido a hacer accesible su sitio web, de conformidad con el Real Decreto 1112\/2018, de 7 de septiembre, sobre accesibilidad de los sitios web y aplicaciones para dispositivos m\u00f3viles La presente declaraci\u00f3n de accesibilidad se aplica al sitio web www.365-rentals.com Situaci\u00f3n de cumplimiento Este sitio web [&hellip;]<\/p>\n","protected":false},"author":2,"featured_media":0,"parent":0,"menu_order":0,"comment_status":"closed","ping_status":"closed","template":"","meta":{"footnotes":""},"yoast_head":"<!-- This site is optimized with the Yoast SEO plugin v21.7 - https:\/\/yoast.com\/wordpress\/plugins\/seo\/ -->\n<title>Declaraci\u00f3n de accesibilidad &#8902; 365 Rentals Properties<\/title>\n<meta name=\"robots\" content=\"index, follow, max-snippet:-1, max-image-preview:large, max-video-preview:-1\" \/>\n<link rel=\"canonical\" href=\"https:\/\/www.365-rentals.com\/es\/declaracion-de-accesibilidad\/\" \/>\n<meta property=\"og:locale\" content=\"es_ES\" \/>\n<meta property=\"og:type\" content=\"article\" \/>\n<meta property=\"og:title\" content=\"Declaraci\u00f3n de accesibilidad &#8902; 365 Rentals Properties\" \/>\n<meta property=\"og:description\" content=\"Medidas de apoyo a la accesibilidad 365-rentals.com se ha comprometido a hacer accesible su sitio web, de conformidad con el Real Decreto 1112\/2018, de 7 de septiembre, sobre accesibilidad de los sitios web y aplicaciones para dispositivos m\u00f3viles La presente declaraci\u00f3n de accesibilidad se aplica al sitio web www.365-rentals.com Situaci\u00f3n de cumplimiento Este sitio web [&hellip;]\" \/>\n<meta property=\"og:url\" content=\"https:\/\/www.365-rentals.com\/es\/declaracion-de-accesibilidad\/\" \/>\n<meta property=\"og:site_name\" content=\"365 Rentals Properties\" \/>\n<meta property=\"article:publisher\" content=\"https:\/\/www.facebook.com\/365rentals.properties\" \/>\n<meta property=\"article:modified_time\" content=\"2023-11-29T12:32:48+00:00\" \/>\n<meta property=\"og:image\" content=\"https:\/\/www.365-rentals.com\/wp-content\/uploads\/Captura-de-pantalla-2023-11-29-133127-1024x482.png\" \/>\n<meta name=\"twitter:card\" content=\"summary_large_image\" \/>\n<meta name=\"twitter:label1\" content=\"Tiempo de lectura\" \/>\n\t<meta name=\"twitter:data1\" content=\"4 minutos\" \/>\n<script type=\"application\/ld+json\" class=\"yoast-schema-graph\">{\"@context\":\"https:\/\/schema.org\",\"@graph\":[{\"@type\":\"WebPage\",\"@id\":\"https:\/\/www.365-rentals.com\/es\/declaracion-de-accesibilidad\/\",\"url\":\"https:\/\/www.365-rentals.com\/es\/declaracion-de-accesibilidad\/\",\"name\":\"Declaraci\u00f3n de accesibilidad &#8902; 365 Rentals Properties\",\"isPartOf\":{\"@id\":\"https:\/\/www.365-rentals.com\/#website\"},\"datePublished\":\"2023-11-29T12:30:07+00:00\",\"dateModified\":\"2023-11-29T12:32:48+00:00\",\"breadcrumb\":{\"@id\":\"https:\/\/www.365-rentals.com\/es\/declaracion-de-accesibilidad\/#breadcrumb\"},\"inLanguage\":\"es\",\"potentialAction\":[{\"@type\":\"ReadAction\",\"target\":[\"https:\/\/www.365-rentals.com\/es\/declaracion-de-accesibilidad\/\"]}]},{\"@type\":\"BreadcrumbList\",\"@id\":\"https:\/\/www.365-rentals.com\/es\/declaracion-de-accesibilidad\/#breadcrumb\",\"itemListElement\":[{\"@type\":\"ListItem\",\"position\":1,\"name\":\"Portada\",\"item\":\"https:\/\/www.365-rentals.com\/es\/\"},{\"@type\":\"ListItem\",\"position\":2,\"name\":\"Declaraci\u00f3n de accesibilidad\"}]},{\"@type\":\"WebSite\",\"@id\":\"https:\/\/www.365-rentals.com\/#website\",\"url\":\"https:\/\/www.365-rentals.com\/\",\"name\":\"365 Rentals Properties\",\"description\":\"Experiencias \u00fanicas en el mejor clima de Europa\",\"publisher\":{\"@id\":\"https:\/\/www.365-rentals.com\/#organization\"},\"alternateName\":\"365 Rentals Properties\",\"potentialAction\":[{\"@type\":\"SearchAction\",\"target\":{\"@type\":\"EntryPoint\",\"urlTemplate\":\"https:\/\/www.365-rentals.com\/?s={search_term_string}\"},\"query-input\":\"required name=search_term_string\"}],\"inLanguage\":\"es\"},{\"@type\":\"Organization\",\"@id\":\"https:\/\/www.365-rentals.com\/#organization\",\"name\":\"365 rentals\",\"url\":\"https:\/\/www.365-rentals.com\/\",\"logo\":{\"@type\":\"ImageObject\",\"inLanguage\":\"es\",\"@id\":\"https:\/\/www.365-rentals.com\/#\/schema\/logo\/image\/\",\"url\":\"https:\/\/www.365-rentals.com\/wp-content\/uploads\/logo-365-rentals.png\",\"contentUrl\":\"https:\/\/www.365-rentals.com\/wp-content\/uploads\/logo-365-rentals.png\",\"width\":380,\"height\":80,\"caption\":\"365 rentals\"},\"image\":{\"@id\":\"https:\/\/www.365-rentals.com\/#\/schema\/logo\/image\/\"},\"sameAs\":[\"https:\/\/www.facebook.com\/365rentals.properties\",\"https:\/\/www.instagram.com\/365rentals.spain\/?igshid=MzRlODBiNWFlZA\",\"https:\/\/www.youtube.com\/channel\/UCp4LWCAVPiKhmnTITv4xXDg\"]}]}<\/script>\n<!-- \/ Yoast SEO plugin. -->","yoast_head_json":{"title":"Declaraci\u00f3n de accesibilidad &#8902; 365 Rentals Properties","robots":{"index":"index","follow":"follow","max-snippet":"max-snippet:-1","max-image-preview":"max-image-preview:large","max-video-preview":"max-video-preview:-1"},"canonical":"https:\/\/www.365-rentals.com\/es\/declaracion-de-accesibilidad\/","og_locale":"es_ES","og_type":"article","og_title":"Declaraci\u00f3n de accesibilidad &#8902; 365 Rentals Properties","og_description":"Medidas de apoyo a la accesibilidad 365-rentals.com se ha comprometido a hacer accesible su sitio web, de conformidad con el Real Decreto 1112\/2018, de 7 de septiembre, sobre accesibilidad de los sitios web y aplicaciones para dispositivos m\u00f3viles La presente declaraci\u00f3n de accesibilidad se aplica al sitio web www.365-rentals.com Situaci\u00f3n de cumplimiento Este sitio web [&hellip;]","og_url":"https:\/\/www.365-rentals.com\/es\/declaracion-de-accesibilidad\/","og_site_name":"365 Rentals Properties","article_publisher":"https:\/\/www.facebook.com\/365rentals.properties","article_modified_time":"2023-11-29T12:32:48+00:00","og_image":[{"url":"https:\/\/www.365-rentals.com\/wp-content\/uploads\/Captura-de-pantalla-2023-11-29-133127-1024x482.png"}],"twitter_card":"summary_large_image","twitter_misc":{"Tiempo de lectura":"4 minutos"},"schema":{"@context":"https:\/\/schema.org","@graph":[{"@type":"WebPage","@id":"https:\/\/www.365-rentals.com\/es\/declaracion-de-accesibilidad\/","url":"https:\/\/www.365-rentals.com\/es\/declaracion-de-accesibilidad\/","name":"Declaraci\u00f3n de accesibilidad &#8902; 365 Rentals Properties","isPartOf":{"@id":"https:\/\/www.365-rentals.com\/#website"},"datePublished":"2023-11-29T12:30:07+00:00","dateModified":"2023-11-29T12:32:48+00:00","breadcrumb":{"@id":"https:\/\/www.365-rentals.com\/es\/declaracion-de-accesibilidad\/#breadcrumb"},"inLanguage":"es","potentialAction":[{"@type":"ReadAction","target":["https:\/\/www.365-rentals.com\/es\/declaracion-de-accesibilidad\/"]}]},{"@type":"BreadcrumbList","@id":"https:\/\/www.365-rentals.com\/es\/declaracion-de-accesibilidad\/#breadcrumb","itemListElement":[{"@type":"ListItem","position":1,"name":"Portada","item":"https:\/\/www.365-rentals.com\/es\/"},{"@type":"ListItem","position":2,"name":"Declaraci\u00f3n de accesibilidad"}]},{"@type":"WebSite","@id":"https:\/\/www.365-rentals.com\/#website","url":"https:\/\/www.365-rentals.com\/","name":"365 Rentals Properties","description":"Experiencias \u00fanicas en el mejor clima de Europa","publisher":{"@id":"https:\/\/www.365-rentals.com\/#organization"},"alternateName":"365 Rentals Properties","potentialAction":[{"@type":"SearchAction","target":{"@type":"EntryPoint","urlTemplate":"https:\/\/www.365-rentals.com\/?s={search_term_string}"},"query-input":"required name=search_term_string"}],"inLanguage":"es"},{"@type":"Organization","@id":"https:\/\/www.365-rentals.com\/#organization","name":"365 rentals","url":"https:\/\/www.365-rentals.com\/","logo":{"@type":"ImageObject","inLanguage":"es","@id":"https:\/\/www.365-rentals.com\/#\/schema\/logo\/image\/","url":"https:\/\/www.365-rentals.com\/wp-content\/uploads\/logo-365-rentals.png","contentUrl":"https:\/\/www.365-rentals.com\/wp-content\/uploads\/logo-365-rentals.png","width":380,"height":80,"caption":"365 rentals"},"image":{"@id":"https:\/\/www.365-rentals.com\/#\/schema\/logo\/image\/"},"sameAs":["https:\/\/www.facebook.com\/365rentals.properties","https:\/\/www.instagram.com\/365rentals.spain\/?igshid=MzRlODBiNWFlZA","https:\/\/www.youtube.com\/channel\/UCp4LWCAVPiKhmnTITv4xXDg"]}]}},"jetpack_sharing_enabled":true,"_links":{"self":[{"href":"https:\/\/www.365-rentals.com\/es\/wp-json\/wp\/v2\/pages\/3376"}],"collection":[{"href":"https:\/\/www.365-rentals.com\/es\/wp-json\/wp\/v2\/pages"}],"about":[{"href":"https:\/\/www.365-rentals.com\/es\/wp-json\/wp\/v2\/types\/page"}],"author":[{"embeddable":true,"href":"https:\/\/www.365-rentals.com\/es\/wp-json\/wp\/v2\/users\/2"}],"replies":[{"embeddable":true,"href":"https:\/\/www.365-rentals.com\/es\/wp-json\/wp\/v2\/comments?post=3376"}],"version-history":[{"count":4,"href":"https:\/\/www.365-rentals.com\/es\/wp-json\/wp\/v2\/pages\/3376\/revisions"}],"predecessor-version":[{"id":3383,"href":"https:\/\/www.365-rentals.com\/es\/wp-json\/wp\/v2\/pages\/3376\/revisions\/3383"}],"wp:attachment":[{"href":"https:\/\/www.365-rentals.com\/es\/wp-json\/wp\/v2\/media?parent=3376"}],"curies":[{"name":"wp","href":"https:\/\/api.w.org\/{rel}","templated":true}]}}