{"id":4011,"date":"2023-12-12T12:17:55","date_gmt":"2023-12-12T12:17:55","guid":{"rendered":"https:\/\/www.365-rentals.com\/?page_id=4011"},"modified":"2024-01-10T12:32:38","modified_gmt":"2024-01-10T12:32:38","slug":"politicas-de-cancelacion","status":"publish","type":"page","link":"https:\/\/www.365-rentals.com\/es\/politicas-de-cancelacion\/","title":{"rendered":"Pol\u00edticas de cancelaci\u00f3n"},"content":{"rendered":"\t\t<div data-elementor-type=\"wp-page\" data-elementor-id=\"4011\" class=\"elementor elementor-4011\" data-elementor-post-type=\"page\">\n\t\t\t\t\t\t\t<div class=\"elementor-element elementor-element-c60d9a2 e-flex e-con-boxed e-con e-parent\" data-id=\"c60d9a2\" data-element_type=\"container\" data-settings=\"{&quot;container_type&quot;:&quot;flex&quot;,&quot;content_width&quot;:&quot;boxed&quot;}\" data-core-v316-plus=\"true\">\n\t\t\t\t\t<div class=\"e-con-inner\">\n\t\t\t\t<div class=\"elementor-element elementor-element-516b1c2 elementor-widget elementor-widget-text-editor\" data-id=\"516b1c2\" data-element_type=\"widget\" data-widget_type=\"text-editor.default\">\n\t\t\t\t<div class=\"elementor-widget-container\">\n\t\t\t<style>\/*! elementor - v3.18.0 - 08-12-2023 *\/\n.elementor-widget-text-editor.elementor-drop-cap-view-stacked .elementor-drop-cap{background-color:#69727d;color:#fff}.elementor-widget-text-editor.elementor-drop-cap-view-framed .elementor-drop-cap{color:#69727d;border:3px solid;background-color:transparent}.elementor-widget-text-editor:not(.elementor-drop-cap-view-default) .elementor-drop-cap{margin-top:8px}.elementor-widget-text-editor:not(.elementor-drop-cap-view-default) .elementor-drop-cap-letter{width:1em;height:1em}.elementor-widget-text-editor .elementor-drop-cap{float:left;text-align:center;line-height:1;font-size:50px}.elementor-widget-text-editor .elementor-drop-cap-letter{display:inline-block}<\/style>\t\t\t\t<p style=\"text-align: center;\"><span style=\"color: #3366ff;\"><u>CANCELLATION POLICIES FOR VACATION RENTAL EXCLUDING MONTHLY RENTAL IN MIDDLE AND LOW SEASON<\/u><\/span><\/p><p style=\"text-align: center;\"><em>STORNIERUNGSBEDINGUNGEN F\u00dcR FERIENVERMIETUNG, AUSSCHLIESSLICH MONATLICHER MIETUNG IN DER MITTEL- UND NEBENSAISON<\/em><\/p><p style=\"text-align: center;\">\u00a0<\/p><p style=\"text-align: center;\"><strong>Cancelaci\u00f3n gratuita (60 d\u00edas antes de la llegada):<\/strong><\/p><p style=\"text-align: center;\"><strong>Si la cancelaci\u00f3n se produce al menos 60 d\u00edas antes de la fecha de llegada, se realizar\u00e1 la devoluci\u00f3n \u00edntegra del importe abonado.<\/strong><\/p><p style=\"text-align: center;\"><strong>No hay costes por la cancelaci\u00f3n.<\/strong><\/p><p style=\"text-align: center;\">\u00a0<\/p><p style=\"text-align: center;\"><span style=\"color: #3366ff;\"><em>Free cancellation (60 days before arrival):<\/em><\/span><\/p><p style=\"text-align: center;\"><span style=\"color: #3366ff;\"><em>If the cancellation occurs at least 60 days before the arrival date, a full refund of the paid amount will be made.<\/em><\/span><\/p><p style=\"text-align: center;\"><span style=\"color: #3366ff;\"><em>There are no costs for the cancellation.<\/em><\/span><\/p><p style=\"text-align: center;\">\u00a0<\/p><p style=\"text-align: center;\"><em>Kostenlose Stornierung (60 Tage vor Anreise):<\/em><\/p><p style=\"text-align: center;\"><em>Erfolgt die Stornierung mindestens 60 Tage vor dem Anreisedatum, erfolgt eine komplette R\u00fcckerstattung des bezahlten Betrages. <\/em><\/p><p style=\"text-align: center;\"><em>F\u00fcr die Stonierung fallen keinerlei Kosten an. <\/em><\/p><p style=\"text-align: center;\">\u00a0<\/p><p style=\"text-align: center;\"><strong>Cancelaci\u00f3n moderada (menos de 60 d\u00edas y 30 d\u00edas antes de la llegada):<\/strong><\/p><p style=\"text-align: center;\"><strong>Si cancela entre 59 d\u00edas y 30 d\u00edas antes de la fecha de llegada, se devolver\u00e1 el 50% del dep\u00f3sito pagado.<\/strong><\/p><p style=\"text-align: center;\"><strong>El 50% restante del importe pagado no ser\u00e1 reembolsado.<\/strong><\/p><p style=\"text-align: center;\"><strong>No hay costes adicionales distintos al 50%.<\/strong><\/p><p style=\"text-align: center;\"><strong>\u00a0<\/strong><\/p><p style=\"text-align: center;\"><span style=\"color: #3366ff;\"><em>Moderate cancellation (less than 60 days and 30 days before arrival):<\/em><\/span><\/p><p style=\"text-align: center;\"><span style=\"color: #3366ff;\"><em>If you cancel between 59 and 30 days before your arrival date, 50% of the paid deposit will be refunded.<\/em><\/span><\/p><p style=\"text-align: center;\"><span style=\"color: #3366ff;\"><em>The remaining 50% of the paid amount will be retained.<\/em><\/span><\/p><p style=\"text-align: center;\"><span style=\"color: #3366ff;\"><em>Apart from the 50%, there are no other costs.<\/em><\/span><\/p><p style=\"text-align: center;\"><strong>\u00a0<\/strong><\/p><p style=\"text-align: center;\"><strong>\u00a0<\/strong><strong>\u00a0<\/strong><\/p><p style=\"text-align: center;\"><em>Moderate Stornierung (weniger als 60 Tage und 30 Tage vor Anreise):<\/em><\/p><p style=\"text-align: center;\"><em>Bei einer Stornierung zwischen 59 und 30 Tagen vor Ihrem Anreisedatum werden 50 % der geleisteten Anzahlung zur\u00fcckerstattet.<\/em><\/p><p style=\"text-align: center;\"><em>Die restlichen 50 % des gezahlten Betrags werden einbehalten. <\/em><\/p><p style=\"text-align: center;\"><em>Au\u00dfer den 50 %, fallen keine weiteren Kosten an.<\/em><\/p><p style=\"text-align: center;\">\u00a0<\/p><p style=\"text-align: center;\"><strong>Cancelaci\u00f3n estricta (menos de 30 d\u00edas antes de la llegada):<\/strong><\/p><p style=\"text-align: center;\"><strong>Si la cancelaci\u00f3n se produce con menos de 30 d\u00edas de antelaci\u00f3n a la fecha de llegada, no se realizar\u00e1 ning\u00fan reembolso.<\/strong><\/p><p style=\"text-align: center;\"><strong>El cliente pierde la totalidad del importe pagado.<\/strong><\/p><p style=\"text-align: center;\"><strong>No habr\u00e1 excepciones a esta estricta pol\u00edtica de cancelaci\u00f3n.<\/strong><\/p><p style=\"text-align: center;\"><strong>No hay excepciones a esta pol\u00edtica<\/strong><\/p><p style=\"text-align: center;\"><strong>de cancelaci\u00f3n estricta.<\/strong><\/p><p style=\"text-align: center;\"><strong>\u00a0<\/strong><\/p><p style=\"text-align: center;\"><span style=\"color: #3366ff;\"><em>Strict cancellation (less than 30 days before arrival):<\/em><\/span><\/p><p style=\"text-align: center;\"><span style=\"color: #3366ff;\"><em>If the cancellation occurs less than 30 days before the arrival date, no refund will be given.<\/em><\/span><\/p><p style=\"text-align: center;\"><span style=\"color: #3366ff;\"><em>The customer loses the entire pais amount.<\/em><\/span><\/p><p style=\"text-align: center;\"><span style=\"color: #3366ff;\"><em>No exceptions will be made to this strict cancellation policy.<\/em><\/span><\/p><p style=\"text-align: center;\"><strong>\u00a0<\/strong><\/p><p style=\"text-align: center;\"><em>Strenge Stornierung (weniger als 30 Tage vor Anreise):<\/em><\/p><p style=\"text-align: center;\"><em>Erfolgt die Stornierung weniger als 30 Tage vor dem Anreisedatum, erfolgt keine R\u00fcckerstattung.<\/em><\/p><p style=\"text-align: center;\"><em>Der Kunde verliert den kompletten geleisteten Betrag. <\/em><\/p><p style=\"text-align: center;\"><em>Von dieser strengen Stornierungsrichtlinie werden keinerlei Ausnahmen gemacht. <\/em><\/p>\t\t\t\t\t\t<\/div>\n\t\t\t\t<\/div>\n\t\t\t\t\t<\/div>\n\t\t\t\t<\/div>\n\t\t\t\t\t\t\t<\/div>\n\t\t","protected":false},"excerpt":{"rendered":"<p>CANCELLATION POLICIES FOR VACATION RENTAL EXCLUDING MONTHLY RENTAL IN MIDDLE AND LOW SEASON STORNIERUNGSBEDINGUNGEN F\u00dcR FERIENVERMIETUNG, AUSSCHLIESSLICH MONATLICHER MIETUNG IN DER MITTEL- UND NEBENSAISON \u00a0 Cancelaci\u00f3n gratuita (60 d\u00edas antes de la llegada): Si la cancelaci\u00f3n se produce al menos 60 d\u00edas antes de la fecha de llegada, se realizar\u00e1 la devoluci\u00f3n \u00edntegra del importe [&hellip;]<\/p>\n","protected":false},"author":2,"featured_media":0,"parent":0,"menu_order":0,"comment_status":"closed","ping_status":"closed","template":"","meta":{"footnotes":""},"yoast_head":"<!-- This site is optimized with the Yoast SEO plugin v21.7 - https:\/\/yoast.com\/wordpress\/plugins\/seo\/ -->\n<title>Pol\u00edticas de cancelaci\u00f3n &#8902; 365 Rentals Properties<\/title>\n<meta name=\"robots\" content=\"index, follow, max-snippet:-1, max-image-preview:large, max-video-preview:-1\" \/>\n<link rel=\"canonical\" href=\"https:\/\/www.365-rentals.com\/es\/politicas-de-cancelacion\/\" \/>\n<meta property=\"og:locale\" content=\"es_ES\" \/>\n<meta property=\"og:type\" content=\"article\" \/>\n<meta property=\"og:title\" content=\"Pol\u00edticas de cancelaci\u00f3n &#8902; 365 Rentals Properties\" \/>\n<meta property=\"og:description\" content=\"CANCELLATION POLICIES FOR VACATION RENTAL EXCLUDING MONTHLY RENTAL IN MIDDLE AND LOW SEASON STORNIERUNGSBEDINGUNGEN F\u00dcR FERIENVERMIETUNG, AUSSCHLIESSLICH MONATLICHER MIETUNG IN DER MITTEL- UND NEBENSAISON \u00a0 Cancelaci\u00f3n gratuita (60 d\u00edas antes de la llegada): Si la cancelaci\u00f3n se produce al menos 60 d\u00edas antes de la fecha de llegada, se realizar\u00e1 la devoluci\u00f3n \u00edntegra del importe [&hellip;]\" \/>\n<meta property=\"og:url\" content=\"https:\/\/www.365-rentals.com\/es\/politicas-de-cancelacion\/\" \/>\n<meta property=\"og:site_name\" content=\"365 Rentals Properties\" \/>\n<meta property=\"article:publisher\" content=\"https:\/\/www.facebook.com\/365rentals.properties\" \/>\n<meta property=\"article:modified_time\" content=\"2024-01-10T12:32:38+00:00\" \/>\n<meta property=\"og:image\" content=\"https:\/\/www.365-rentals.com\/wp-content\/uploads\/logo-365-rentals-1.png\" \/>\n\t<meta property=\"og:image:width\" content=\"1520\" \/>\n\t<meta property=\"og:image:height\" content=\"320\" \/>\n\t<meta property=\"og:image:type\" content=\"image\/png\" \/>\n<meta name=\"twitter:card\" content=\"summary_large_image\" \/>\n<meta name=\"twitter:label1\" content=\"Tiempo de lectura\" \/>\n\t<meta name=\"twitter:data1\" content=\"2 minutos\" \/>\n<script type=\"application\/ld+json\" class=\"yoast-schema-graph\">{\"@context\":\"https:\/\/schema.org\",\"@graph\":[{\"@type\":\"WebPage\",\"@id\":\"https:\/\/www.365-rentals.com\/es\/politicas-de-cancelacion\/\",\"url\":\"https:\/\/www.365-rentals.com\/es\/politicas-de-cancelacion\/\",\"name\":\"Pol\u00edticas de cancelaci\u00f3n &#8902; 365 Rentals Properties\",\"isPartOf\":{\"@id\":\"https:\/\/www.365-rentals.com\/#website\"},\"datePublished\":\"2023-12-12T12:17:55+00:00\",\"dateModified\":\"2024-01-10T12:32:38+00:00\",\"breadcrumb\":{\"@id\":\"https:\/\/www.365-rentals.com\/es\/politicas-de-cancelacion\/#breadcrumb\"},\"inLanguage\":\"es\",\"potentialAction\":[{\"@type\":\"ReadAction\",\"target\":[\"https:\/\/www.365-rentals.com\/es\/politicas-de-cancelacion\/\"]}]},{\"@type\":\"BreadcrumbList\",\"@id\":\"https:\/\/www.365-rentals.com\/es\/politicas-de-cancelacion\/#breadcrumb\",\"itemListElement\":[{\"@type\":\"ListItem\",\"position\":1,\"name\":\"Portada\",\"item\":\"https:\/\/www.365-rentals.com\/es\/\"},{\"@type\":\"ListItem\",\"position\":2,\"name\":\"Pol\u00edticas de cancelaci\u00f3n\"}]},{\"@type\":\"WebSite\",\"@id\":\"https:\/\/www.365-rentals.com\/#website\",\"url\":\"https:\/\/www.365-rentals.com\/\",\"name\":\"365 Rentals Properties\",\"description\":\"Experiencias \u00fanicas en el mejor clima de Europa\",\"publisher\":{\"@id\":\"https:\/\/www.365-rentals.com\/#organization\"},\"alternateName\":\"365 Rentals Properties\",\"potentialAction\":[{\"@type\":\"SearchAction\",\"target\":{\"@type\":\"EntryPoint\",\"urlTemplate\":\"https:\/\/www.365-rentals.com\/?s={search_term_string}\"},\"query-input\":\"required name=search_term_string\"}],\"inLanguage\":\"es\"},{\"@type\":\"Organization\",\"@id\":\"https:\/\/www.365-rentals.com\/#organization\",\"name\":\"365 rentals\",\"url\":\"https:\/\/www.365-rentals.com\/\",\"logo\":{\"@type\":\"ImageObject\",\"inLanguage\":\"es\",\"@id\":\"https:\/\/www.365-rentals.com\/#\/schema\/logo\/image\/\",\"url\":\"https:\/\/www.365-rentals.com\/wp-content\/uploads\/logo-365-rentals.png\",\"contentUrl\":\"https:\/\/www.365-rentals.com\/wp-content\/uploads\/logo-365-rentals.png\",\"width\":380,\"height\":80,\"caption\":\"365 rentals\"},\"image\":{\"@id\":\"https:\/\/www.365-rentals.com\/#\/schema\/logo\/image\/\"},\"sameAs\":[\"https:\/\/www.facebook.com\/365rentals.properties\",\"https:\/\/www.instagram.com\/365rentals.spain\/?igshid=MzRlODBiNWFlZA\",\"https:\/\/www.youtube.com\/channel\/UCp4LWCAVPiKhmnTITv4xXDg\"]}]}<\/script>\n<!-- \/ Yoast SEO plugin. -->","yoast_head_json":{"title":"Pol\u00edticas de cancelaci\u00f3n &#8902; 365 Rentals Properties","robots":{"index":"index","follow":"follow","max-snippet":"max-snippet:-1","max-image-preview":"max-image-preview:large","max-video-preview":"max-video-preview:-1"},"canonical":"https:\/\/www.365-rentals.com\/es\/politicas-de-cancelacion\/","og_locale":"es_ES","og_type":"article","og_title":"Pol\u00edticas de cancelaci\u00f3n &#8902; 365 Rentals Properties","og_description":"CANCELLATION POLICIES FOR VACATION RENTAL EXCLUDING MONTHLY RENTAL IN MIDDLE AND LOW SEASON STORNIERUNGSBEDINGUNGEN F\u00dcR FERIENVERMIETUNG, AUSSCHLIESSLICH MONATLICHER MIETUNG IN DER MITTEL- UND NEBENSAISON \u00a0 Cancelaci\u00f3n gratuita (60 d\u00edas antes de la llegada): Si la cancelaci\u00f3n se produce al menos 60 d\u00edas antes de la fecha de llegada, se realizar\u00e1 la devoluci\u00f3n \u00edntegra del importe [&hellip;]","og_url":"https:\/\/www.365-rentals.com\/es\/politicas-de-cancelacion\/","og_site_name":"365 Rentals Properties","article_publisher":"https:\/\/www.facebook.com\/365rentals.properties","article_modified_time":"2024-01-10T12:32:38+00:00","og_image":[{"width":1520,"height":320,"url":"https:\/\/www.365-rentals.com\/wp-content\/uploads\/logo-365-rentals-1.png","type":"image\/png"}],"twitter_card":"summary_large_image","twitter_misc":{"Tiempo de lectura":"2 minutos"},"schema":{"@context":"https:\/\/schema.org","@graph":[{"@type":"WebPage","@id":"https:\/\/www.365-rentals.com\/es\/politicas-de-cancelacion\/","url":"https:\/\/www.365-rentals.com\/es\/politicas-de-cancelacion\/","name":"Pol\u00edticas de cancelaci\u00f3n &#8902; 365 Rentals Properties","isPartOf":{"@id":"https:\/\/www.365-rentals.com\/#website"},"datePublished":"2023-12-12T12:17:55+00:00","dateModified":"2024-01-10T12:32:38+00:00","breadcrumb":{"@id":"https:\/\/www.365-rentals.com\/es\/politicas-de-cancelacion\/#breadcrumb"},"inLanguage":"es","potentialAction":[{"@type":"ReadAction","target":["https:\/\/www.365-rentals.com\/es\/politicas-de-cancelacion\/"]}]},{"@type":"BreadcrumbList","@id":"https:\/\/www.365-rentals.com\/es\/politicas-de-cancelacion\/#breadcrumb","itemListElement":[{"@type":"ListItem","position":1,"name":"Portada","item":"https:\/\/www.365-rentals.com\/es\/"},{"@type":"ListItem","position":2,"name":"Pol\u00edticas de cancelaci\u00f3n"}]},{"@type":"WebSite","@id":"https:\/\/www.365-rentals.com\/#website","url":"https:\/\/www.365-rentals.com\/","name":"365 Rentals Properties","description":"Experiencias \u00fanicas en el mejor clima de Europa","publisher":{"@id":"https:\/\/www.365-rentals.com\/#organization"},"alternateName":"365 Rentals Properties","potentialAction":[{"@type":"SearchAction","target":{"@type":"EntryPoint","urlTemplate":"https:\/\/www.365-rentals.com\/?s={search_term_string}"},"query-input":"required name=search_term_string"}],"inLanguage":"es"},{"@type":"Organization","@id":"https:\/\/www.365-rentals.com\/#organization","name":"365 rentals","url":"https:\/\/www.365-rentals.com\/","logo":{"@type":"ImageObject","inLanguage":"es","@id":"https:\/\/www.365-rentals.com\/#\/schema\/logo\/image\/","url":"https:\/\/www.365-rentals.com\/wp-content\/uploads\/logo-365-rentals.png","contentUrl":"https:\/\/www.365-rentals.com\/wp-content\/uploads\/logo-365-rentals.png","width":380,"height":80,"caption":"365 rentals"},"image":{"@id":"https:\/\/www.365-rentals.com\/#\/schema\/logo\/image\/"},"sameAs":["https:\/\/www.facebook.com\/365rentals.properties","https:\/\/www.instagram.com\/365rentals.spain\/?igshid=MzRlODBiNWFlZA","https:\/\/www.youtube.com\/channel\/UCp4LWCAVPiKhmnTITv4xXDg"]}]}},"jetpack_sharing_enabled":true,"_links":{"self":[{"href":"https:\/\/www.365-rentals.com\/es\/wp-json\/wp\/v2\/pages\/4011"}],"collection":[{"href":"https:\/\/www.365-rentals.com\/es\/wp-json\/wp\/v2\/pages"}],"about":[{"href":"https:\/\/www.365-rentals.com\/es\/wp-json\/wp\/v2\/types\/page"}],"author":[{"embeddable":true,"href":"https:\/\/www.365-rentals.com\/es\/wp-json\/wp\/v2\/users\/2"}],"replies":[{"embeddable":true,"href":"https:\/\/www.365-rentals.com\/es\/wp-json\/wp\/v2\/comments?post=4011"}],"version-history":[{"count":13,"href":"https:\/\/www.365-rentals.com\/es\/wp-json\/wp\/v2\/pages\/4011\/revisions"}],"predecessor-version":[{"id":4084,"href":"https:\/\/www.365-rentals.com\/es\/wp-json\/wp\/v2\/pages\/4011\/revisions\/4084"}],"wp:attachment":[{"href":"https:\/\/www.365-rentals.com\/es\/wp-json\/wp\/v2\/media?parent=4011"}],"curies":[{"name":"wp","href":"https:\/\/api.w.org\/{rel}","templated":true}]}}